{"id":1343,"date":"2026-02-10T17:16:33","date_gmt":"2026-02-10T21:16:33","guid":{"rendered":"https:\/\/ltec.cl\/site\/?page_id=1343"},"modified":"2026-02-11T10:34:00","modified_gmt":"2026-02-11T14:34:00","slug":"primer-contrato-de-la-estrategia-nacional-del-litio-recibe-aprobacion-definitiva-de-contraloria-para-su-operacion-en-atacama-2","status":"publish","type":"page","link":"https:\/\/ltec.cl\/site\/primer-contrato-de-la-estrategia-nacional-del-litio-recibe-aprobacion-definitiva-de-contraloria-para-su-operacion-en-atacama-2\/","title":{"rendered":"Primer Contrato de la Estrategia Nacional del Litio recibe aprobaci\u00f3n definitiva de Contralor\u00eda para su operaci\u00f3n en Atacama"},"content":{"rendered":"\n\n\n<h3><font dir=\"auto\"><font dir=\"auto\">El Primer Contrato de la Estrategia Nacional del Litio recibe la aprobaci\u00f3n definitiva de la Contralor\u00eda para su operaci\u00f3n en Atacama<\/font><\/font><\/h3>\n\n\n<p><br><\/p><p><span><font dir=\"auto\" style=\"vertical-align: inherit;\"><font dir=\"auto\" style=\"vertical-align: inherit;\">Se trata del primer CEOL que se otorga en el marco de la implementaci\u00f3n de la Estrategia Nacional del Litio y que finaliza su tramitaci\u00f3n administrativa, autorizando la exploraci\u00f3n, explotaci\u00f3n y beneficio de yacimientos de litio en la regi\u00f3n de Atacama con una inversi\u00f3n estimada cercana a US$3.000 millones.<\/font><\/font><\/span><\/p><p><font dir=\"auto\"><font dir=\"auto\"><font dir=\"auto\"><font dir=\"auto\"><font dir=\"auto\"><font dir=\"auto\"><font dir=\"auto\"><font dir=\"auto\"><font dir=\"auto\"><font dir=\"auto\"><font dir=\"auto\"><font dir=\"auto\"><br><\/font><\/font><\/font><\/font><\/font><\/font><\/font><\/font><\/font><\/font><\/font><\/font><\/p><p><span style=\"color: rgb(34, 34, 34); font-family: Verdana, Geneva, sans-serif; font-size: 15px; font-style: normal; font-variant-ligatures: normal; font-variant-caps: normal; font-weight: 400;\">El contrato firmado entre ENAMI y el Estado de Chile en septiembre pasado, con la presencia del Presidente de la Rep\u00fablica, Gabriel Boric, y representantes de comunidades ind\u00edgenas, estar\u00e1 vigente hasta el 31 de diciembre de 2060 y se implementar\u00e1 en la comuna de Diego de Almagro, en alianza p\u00fablico-privada con Rio Tinto, el segundo conglomerado minero m\u00e1s grande del mundo.<\/span><\/p>\n\n\n\n\n\n\n\n\n\n\n\n\n<p style=\"font-style: normal; font-variant-ligatures: normal; font-variant-caps: normal; font-weight: 400; font-family: Raleway, sans-serif;\"><font dir=\"auto\" style=\"vertical-align: inherit;\">Se trata del primer CEOL que se otorga en el marco de la implementaci\u00f3n de la Estrategia Nacional del Litio y que finaliza su tramitaci\u00f3n administrativa, autorizando la exploraci\u00f3n, explotaci\u00f3n y beneficio de yacimientos de litio en la regi\u00f3n de Atacama con una inversi\u00f3n estimada cercana a US$3.000 millones.<\/font><\/p><p style=\"font-style: normal; font-variant-ligatures: normal; font-variant-caps: normal; font-weight: 400; font-family: Raleway, sans-serif;\"><font dir=\"auto\"><br><\/font><\/p><p style=\"font-style: normal; font-variant-ligatures: normal; font-variant-caps: normal; font-weight: 400; font-family: Raleway, sans-serif;\"><span style=\"font-style: normal; font-variant-ligatures: normal; font-variant-caps: normal; font-weight: 400; font-size: 15px; font-family: Verdana, Geneva, sans-serif; color: rgb(34, 34, 34);\">El contrato firmado entre ENAMI y el Estado de Chile en septiembre pasado, con la presencia del Presidente de la Rep\u00fablica, Gabriel Boric, y representantes de comunidades ind\u00edgenas, estar\u00e1 vigente hasta el 31 de diciembre de 2060 y se implementar\u00e1 en la comuna de Diego de Almagro, en alianza p\u00fablico-privada con Rio Tinto, el segundo conglomerado minero m\u00e1s grande del mundo.<\/span><\/p>\n\n\n\n\n\n\n\n<h3><br><\/h3><ul><li><span><font dir=\"auto\" style=\"vertical-align: inherit;\"><font dir=\"auto\" style=\"vertical-align: inherit;\">Este es un hito hist\u00f3rico para nuestro pa\u00eds, estamos frente al primer Contrato Especial de Operaci\u00f3n de Litio que cuenta con una consulta ind\u00edgena que logr\u00f3 acuerdos con las comunidades y estos se expresan en cl\u00e1usulas del contrato, adem\u00e1s de contemplar recursos para los territorios \u2013 Gobierno Regional y Municipios \u2013 y aportes para I+D+i. Esta es otra demostraci\u00f3n concreta de la implementaci\u00f3n exitosa de la Estrategia Nacional del Litio que, adem\u00e1s de habilitar nuevos proyectos para duplicar la producci\u00f3n nacional de este valioso mineral en la pr\u00f3xima d\u00e9cada, ha establecido nuevos est\u00e1ndares de sostenibilidad para el desarrollo de la miner\u00eda en nuestro pa\u00eds\u201d, afirm\u00f3 la ministra (S) de Miner\u00eda, Suina Chahu\u00e1n.<\/font><\/font><\/span>&nbsp;<\/li><\/ul>\n\n\n\n\n\n\n\n\n\n<h3><br><\/h3><ul><li><span><font dir=\"auto\" style=\"vertical-align: inherit;\"><font dir=\"auto\" style=\"vertical-align: inherit;\">Este es un hito hist\u00f3rico para nuestro pa\u00eds, estamos frente al primer Contrato Especial de Operaci\u00f3n de Litio que cuenta con una consulta ind\u00edgena que logr\u00f3 acuerdos con las comunidades y estos se expresan en cl\u00e1usulas del contrato, adem\u00e1s de contemplar recursos para los territorios \u2013 Gobierno Regional y Municipios \u2013 y aportes para I+D+i. Esta es otra demostraci\u00f3n concreta de la implementaci\u00f3n exitosa de la Estrategia Nacional del Litio que, adem\u00e1s de habilitar nuevos proyectos para duplicar la producci\u00f3n nacional de este valioso mineral en la pr\u00f3xima d\u00e9cada, ha establecido nuevos est\u00e1ndares de sostenibilidad para el desarrollo de la miner\u00eda en nuestro pa\u00eds\u201d, afirm\u00f3 la ministra (S) de Miner\u00eda, Suina Chahu\u00e1n.<\/font><\/font><\/span>&nbsp;<\/li><\/ul>\n\n\n\n\n\n\n\n\n\n\n\n\n\n\n\n<h3><span><span><font dir=\"auto\"><font dir=\"auto\"><font dir=\"auto\"><font dir=\"auto\"><font dir=\"auto\"><font dir=\"auto\"><font dir=\"auto\"><font dir=\"auto\"><font dir=\"auto\"><font dir=\"auto\"><font dir=\"auto\"><font dir=\"auto\"><font dir=\"auto\"><font dir=\"auto\"><\/font><\/font><\/font><\/font><\/font><\/font><\/font><\/font><\/font><\/font><\/font><\/font><\/font><\/font><\/span><\/span><\/h3><p><span style=\"color: rgb(34, 34, 34); font-family: Verdana, Geneva, sans-serif; font-size: 15px; font-style: normal; font-variant-ligatures: normal; font-variant-caps: normal; font-weight: 400;\">Igualmente, para dimensionar el impacto social y las proyecciones de esta iniciativa, la autoridad coment\u00f3 que \u201ceste proyecto liderado por ENAMI, por ejemplo, utilizar\u00e1 tecnolog\u00edas de extracci\u00f3n directa lo que permitir\u00e1 reducir la huella ambiental y mantener el equilibrio h\u00eddrico de los salares. Son excelentes noticias para Chile, para la regi\u00f3n de Atacama y para nuestra Empresa Nacional de Miner\u00eda que durante los \u00faltimos a\u00f1os ha logrado estabilizarse financieramente, y ahora tiene proyectos de futuro para consolidar su posici\u00f3n\u201d.<\/span><\/p><p><font dir=\"auto\"><font dir=\"auto\"><font dir=\"auto\"><font dir=\"auto\"><font dir=\"auto\"><font dir=\"auto\"><font dir=\"auto\"><font dir=\"auto\"><font dir=\"auto\"><font dir=\"auto\"><font dir=\"auto\"><font dir=\"auto\"><font dir=\"auto\"><font dir=\"auto\"><font dir=\"auto\"><font dir=\"auto\"><font dir=\"auto\"><font dir=\"auto\"><font dir=\"auto\"><font dir=\"auto\"><font dir=\"auto\"><font dir=\"auto\"><font dir=\"auto\"><font dir=\"auto\"><font dir=\"auto\"><font dir=\"auto\"><font dir=\"auto\"><font dir=\"auto\"><\/font><\/font><\/font><\/font><\/font><\/font><\/font><\/font><\/font><\/font><\/font><\/font><\/font><\/font><\/font><\/font><\/font><\/font><\/font><\/font><\/font><\/font><\/font><\/font><\/font><\/font><\/font><\/font><\/p>\n\n\n\n\n\n\n\n\n\n\n\n\n\n\n\n\n<h3><span><span><font dir=\"auto\"><font dir=\"auto\"><font dir=\"auto\"><font dir=\"auto\"><font dir=\"auto\"><font dir=\"auto\"><font dir=\"auto\"><font dir=\"auto\"><font dir=\"auto\"><font dir=\"auto\"><font dir=\"auto\"><font dir=\"auto\"><font dir=\"auto\"><font dir=\"auto\"><\/font><\/font><\/font><\/font><\/font><\/font><\/font><\/font><\/font><\/font><\/font><\/font><\/font><\/font><\/span><\/span><\/h3><p><span style=\"color: rgb(34, 34, 34); font-family: Verdana, Geneva, sans-serif; font-size: 15px; font-style: normal; font-variant-ligatures: normal; font-variant-caps: normal; font-weight: 400;\">Igualmente, para dimensionar el impacto social y las proyecciones de esta iniciativa, la autoridad coment\u00f3 que \u201ceste proyecto liderado por ENAMI, por ejemplo, utilizar\u00e1 tecnolog\u00edas de extracci\u00f3n directa lo que permitir\u00e1 reducir la huella ambiental y mantener el equilibrio h\u00eddrico de los salares. Son excelentes noticias para Chile, para la regi\u00f3n de Atacama y para nuestra Empresa Nacional de Miner\u00eda que durante los \u00faltimos a\u00f1os ha logrado estabilizarse financieramente, y ahora tiene proyectos de futuro para consolidar su posici\u00f3n\u201d.<\/span><\/p><p><font dir=\"auto\"><font dir=\"auto\"><font dir=\"auto\"><font dir=\"auto\"><font dir=\"auto\"><font dir=\"auto\"><font dir=\"auto\"><font dir=\"auto\"><font dir=\"auto\"><font dir=\"auto\"><font dir=\"auto\"><font dir=\"auto\"><font dir=\"auto\"><font dir=\"auto\"><font dir=\"auto\"><font dir=\"auto\"><font dir=\"auto\"><font dir=\"auto\"><font dir=\"auto\"><font dir=\"auto\"><font dir=\"auto\"><font dir=\"auto\"><font dir=\"auto\"><font dir=\"auto\"><font dir=\"auto\"><font dir=\"auto\"><font dir=\"auto\"><font dir=\"auto\"><\/font><\/font><\/font><\/font><\/font><\/font><\/font><\/font><\/font><\/font><\/font><\/font><\/font><\/font><\/font><\/font><\/font><\/font><\/font><\/font><\/font><\/font><\/font><\/font><\/font><\/font><\/font><\/font><\/p>\n\n\n\n\n<h2><span><br><\/span><\/h2><p><font dir=\"auto\"><font dir=\"auto\"><\/font><\/font><\/p><p><font dir=\"auto\"><font dir=\"auto\" style=\"font-family: Verdana, Geneva, sans-serif;\"><font dir=\"auto\"><font dir=\"auto\"><span style=\"font-style: normal; font-variant-ligatures: normal; font-variant-caps: normal; font-weight: 400; color: rgb(34, 34, 34); font-family: Verdana, Geneva, sans-serif; font-size: 15px;\">Del mismo modo, el vicepresidente ejecutivo de la estatal, Iv\u00e1n Mlynarz, destac\u00f3 que esta toma de raz\u00f3n de la Contralor\u00eda \u201ces una nueva se\u00f1al de que en ENAMI avanzamos de manera concreta y somos protagonistas en la Estrategia Nacional del Litio. Salares Altoandinos es el proyecto&nbsp;<\/span><em style=\"font-variant-ligatures: normal; font-variant-caps: normal; font-weight: 400; color: rgb(34, 34, 34); font-family: Verdana, Geneva, sans-serif; font-size: 15px;\">greenfield<\/em><span style=\"font-style: normal; font-variant-ligatures: normal; font-variant-caps: normal; font-weight: 400; color: rgb(34, 34, 34); font-family: Verdana, Geneva, sans-serif; font-size: 15px;\">&nbsp;m\u00e1s importante en materia de litio en Chile, y con esta luz verde en sede administrativa estamos cada vez m\u00e1s cerca de iniciar la explotaci\u00f3n y aportar m\u00e1s litio al pa\u00eds\u201d.<\/span>&nbsp;<\/font><\/font><\/font><\/font><\/p><p><font dir=\"auto\"><font dir=\"auto\"><font dir=\"auto\"><font dir=\"auto\"><font dir=\"auto\"><font dir=\"auto\"><font dir=\"auto\"><font dir=\"auto\"><font dir=\"auto\"><br><\/font><\/font><\/font><\/font><\/font><\/font><\/font><\/font><\/font><\/p><p><font color=\"#474747\"><strong><font dir=\"auto\"><font dir=\"auto\"><font dir=\"auto\"><font dir=\"auto\"><font dir=\"auto\"><font dir=\"auto\"><font dir=\"auto\"><font dir=\"auto\">&nbsp; &nbsp; &nbsp; &nbsp; &nbsp; &nbsp; &nbsp; &nbsp; &nbsp; &nbsp; &nbsp;<\/font><\/font><\/font><\/font><\/font><\/font><\/font><\/font><\/strong><\/font><\/p>\n\n<h2><div pagelayer-id=\"i4c6072\"><!-- {\"attr\":{\"text\":\"\\u003ch2\\u003e\\u003cspan\\u003e\\u003cbr\\u003e\\u003c\/span\\u003e\\u003c\/h2\\u003e\\u003cp\\u003e\\u003cfont dir=\\u0022auto\\u0022\\u003e\\u003cfont dir=\\u0022auto\\u0022\\u003e\\u003c\/font\\u003e\\u003c\/font\\u003e\\u003c\/p\\u003e\\u003cp\\u003e\\u003cfont dir=\\u0022auto\\u0022\\u003e\\u003cfont dir=\\u0022auto\\u0022 style=\\u0022font-family: Verdana, Geneva, sans-serif;\\u0022\\u003e\\u003cfont dir=\\u0022auto\\u0022\\u003e\\u003cfont dir=\\u0022auto\\u0022\\u003e\\u003cspan style=\\u0022font-style: normal; font-variant-ligatures: normal; font-variant-caps: normal; font-weight: 400; color: rgb(34, 34, 34); font-family: Verdana, Geneva, sans-serif; font-size: 15px;\\u0022\\u003eDel mismo modo, el vicepresidente ejecutivo de la estatal, Iv\u00e1n Mlynarz, destac\u00f3 que esta toma de raz\u00f3n de la Contralor\u00eda \u201ces una nueva se\u00f1al de que en ENAMI avanzamos de manera concreta y somos protagonistas en la Estrategia Nacional del Litio. Salares Altoandinos es el proyecto\\u0026nbsp;\\u003c\/span\\u003e\\u003cem style=\\u0022font-variant-ligatures: normal; font-variant-caps: normal; font-weight: 400; color: rgb(34, 34, 34); font-family: Verdana, Geneva, sans-serif; font-size: 15px;\\u0022\\u003egreenfield\\u003c\/em\\u003e\\u003cspan style=\\u0022font-style: normal; font-variant-ligatures: normal; font-variant-caps: normal; font-weight: 400; color: rgb(34, 34, 34); font-family: Verdana, Geneva, sans-serif; font-size: 15px;\\u0022\\u003e\\u0026nbsp;m\u00e1s importante en materia de litio en Chile, y con esta luz verde en sede administrativa estamos cada vez m\u00e1s cerca de iniciar la explotaci\u00f3n y aportar m\u00e1s litio al pa\u00eds\u201d.\\u003c\/span\\u003e\\u0026nbsp;\\u003c\/font\\u003e\\u003c\/font\\u003e\\u003c\/font\\u003e\\u003c\/font\\u003e\\u003c\/p\\u003e\\u003cp\\u003e\\u003cfont dir=\\u0022auto\\u0022\\u003e\\u003cfont dir=\\u0022auto\\u0022\\u003e\\u003cfont dir=\\u0022auto\\u0022\\u003e\\u003cfont dir=\\u0022auto\\u0022\\u003e\\u003cfont dir=\\u0022auto\\u0022\\u003e\\u003cfont dir=\\u0022auto\\u0022\\u003e\\u003cfont dir=\\u0022auto\\u0022\\u003e\\u003cfont dir=\\u0022auto\\u0022\\u003e\\u003cfont dir=\\u0022auto\\u0022\\u003e\\u003cbr\\u003e\\u003c\/font\\u003e\\u003c\/font\\u003e\\u003c\/font\\u003e\\u003c\/font\\u003e\\u003c\/font\\u003e\\u003c\/font\\u003e\\u003c\/font\\u003e\\u003c\/font\\u003e\\u003c\/font\\u003e\\u003c\/p\\u003e\\u003cp\\u003e\\u003cfont color=\\u0022#474747\\u0022\\u003e\\u003cstrong\\u003e\\u003cfont dir=\\u0022auto\\u0022\\u003e\\u003cfont dir=\\u0022auto\\u0022\\u003e\\u003cfont dir=\\u0022auto\\u0022\\u003e\\u003cfont dir=\\u0022auto\\u0022\\u003e\\u003cfont dir=\\u0022auto\\u0022\\u003e\\u003cfont dir=\\u0022auto\\u0022\\u003e\\u003cfont dir=\\u0022auto\\u0022\\u003e\\u003cfont dir=\\u0022auto\\u0022\\u003e\\u0026nbsp; \\u0026nbsp; \\u0026nbsp; \\u0026nbsp; \\u0026nbsp; \\u0026nbsp; \\u0026nbsp; \\u0026nbsp; \\u0026nbsp; \\u0026nbsp; \\u0026nbsp;\\u003c\/font\\u003e\\u003c\/font\\u003e\\u003c\/font\\u003e\\u003c\/font\\u003e\\u003c\/font\\u003e\\u003c\/font\\u003e\\u003c\/font\\u003e\\u003c\/font\\u003e\\u003c\/strong\\u003e\\u003c\/font\\u003e\\u003c\/p\\u003e\"},\"tmp\":{}} --><!-- {\"attr\":{\"text\":\"\\u003ch2\\u003e\\u003cspan\\u003e\\u003cbr\\u003e\\u003c\/span\\u003e\\u003c\/h2\\u003e\\u003cp\\u003e\\u003cfont dir=\\u0022auto\\u0022\\u003e\\u003cfont dir=\\u0022auto\\u0022\\u003e\\u003c\/font\\u003e\\u003c\/font\\u003e\\u003c\/p\\u003e\\u003cp\\u003e\\u003cfont dir=\\u0022auto\\u0022\\u003e\\u003cfont dir=\\u0022auto\\u0022 style=\\u0022font-family: Verdana, Geneva, sans-serif;\\u0022\\u003e\\u003cfont dir=\\u0022auto\\u0022\\u003e\\u003cfont dir=\\u0022auto\\u0022\\u003e\\u003cspan style=\\u0022font-style: normal; font-variant-ligatures: normal; font-variant-caps: normal; font-weight: 400; color: rgb(34, 34, 34); font-family: Verdana, Geneva, sans-serif; font-size: 15px;\\u0022\\u003eDel mismo modo, el vicepresidente ejecutivo de la estatal, Iv\u00e1n Mlynarz, destac\u00f3 que esta toma de raz\u00f3n de la Contralor\u00eda \u201ces una nueva se\u00f1al de que en ENAMI avanzamos de manera concreta y somos protagonistas en la Estrategia Nacional del Litio. Salares Altoandinos es el proyecto\\u0026nbsp;\\u003c\/span\\u003e\\u003cem style=\\u0022font-variant-ligatures: normal; font-variant-caps: normal; font-weight: 400; color: rgb(34, 34, 34); font-family: Verdana, Geneva, sans-serif; font-size: 15px;\\u0022\\u003egreenfield\\u003c\/em\\u003e\\u003cspan style=\\u0022font-style: normal; font-variant-ligatures: normal; font-variant-caps: normal; font-weight: 400; color: rgb(34, 34, 34); font-family: Verdana, Geneva, sans-serif; font-size: 15px;\\u0022\\u003e\\u0026nbsp;m\u00e1s importante en materia de litio en Chile, y con esta luz verde en sede administrativa estamos cada vez m\u00e1s cerca de iniciar la explotaci\u00f3n y aportar m\u00e1s litio al pa\u00eds\u201d.\\u003c\/span\\u003e\\u0026nbsp;\\u003c\/font\\u003e\\u003c\/font\\u003e\\u003c\/font\\u003e\\u003c\/font\\u003e\\u003c\/p\\u003e\\u003cp\\u003e\\u003cfont dir=\\u0022auto\\u0022\\u003e\\u003cfont dir=\\u0022auto\\u0022\\u003e\\u003cfont dir=\\u0022auto\\u0022\\u003e\\u003cfont dir=\\u0022auto\\u0022\\u003e\\u003cfont dir=\\u0022auto\\u0022\\u003e\\u003cfont dir=\\u0022auto\\u0022\\u003e\\u003cfont dir=\\u0022auto\\u0022\\u003e\\u003cfont dir=\\u0022auto\\u0022\\u003e\\u003cfont dir=\\u0022auto\\u0022\\u003e\\u003cbr\\u003e\\u003c\/font\\u003e\\u003c\/font\\u003e\\u003c\/font\\u003e\\u003c\/font\\u003e\\u003c\/font\\u003e\\u003c\/font\\u003e\\u003c\/font\\u003e\\u003c\/font\\u003e\\u003c\/font\\u003e\\u003c\/p\\u003e\\u003cp\\u003e\\u003cfont color=\\u0022#474747\\u0022\\u003e\\u003cstrong\\u003e\\u003cfont dir=\\u0022auto\\u0022\\u003e\\u003cfont dir=\\u0022auto\\u0022\\u003e\\u003cfont dir=\\u0022auto\\u0022\\u003e\\u003cfont dir=\\u0022auto\\u0022\\u003e\\u003cfont dir=\\u0022auto\\u0022\\u003e\\u003cfont dir=\\u0022auto\\u0022\\u003e\\u003cfont dir=\\u0022auto\\u0022\\u003e\\u003cfont dir=\\u0022auto\\u0022\\u003e\\u0026nbsp; \\u0026nbsp; \\u0026nbsp; \\u0026nbsp; \\u0026nbsp; \\u0026nbsp; \\u0026nbsp; \\u0026nbsp; \\u0026nbsp; \\u0026nbsp; \\u0026nbsp;\\u003c\/font\\u003e\\u003c\/font\\u003e\\u003c\/font\\u003e\\u003c\/font\\u003e\\u003c\/font\\u003e\\u003c\/font\\u003e\\u003c\/font\\u003e\\u003c\/font\\u003e\\u003c\/strong\\u003e\\u003c\/font\\u003e\\u003c\/p\\u003e\"},\"tmp\":{}} --><!-- {\"attr\":{\"text\":\"\\u003ch2\\u003e\\u003cspan style=\\u0022font-family: Verdana, Geneva, sans-serif;\\u0022\\u003e\\u003cbr\\u003e\\u003c\/span\\u003e\\u003c\/h2\\u003e\\u003cp\\u003e\\u003cfont dir=\\u0022auto\\u0022 style=\\u0022font-family: Verdana, Geneva, sans-serif;\\u0022\\u003e\\u003cfont dir=\\u0022auto\\u0022 style=\\u0022\\u0022\\u003e\\u003c\/font\\u003e\\u003c\/font\\u003e\\u003c\/p\\u003e\\u003cp style=\\u0022text-align: justify;\\u0022\\u003e\\u003cfont dir=\\u0022auto\\u0022\\u003e\\u003cfont dir=\\u0022auto\\u0022 style=\\u0022font-family: Verdana, Geneva, sans-serif;\\u0022\\u003e\\u003cfont dir=\\u0022auto\\u0022\\u003e\\u003cfont dir=\\u0022auto\\u0022\\u003e\\u003cfont dir=\\u0022auto\\u0022\\u003e\\u003cfont dir=\\u0022auto\\u0022\\u003e\\u003cfont dir=\\u0022auto\\u0022 style=\\u0022vertical-align: inherit;\\u0022\\u003e\\u003cfont dir=\\u0022auto\\u0022 style=\\u0022vertical-align: inherit;\\u0022\\u003e\\u003cfont dir=\\u0022auto\\u0022 style=\\u0022vertical-align: inherit;\\u0022\\u003e\\u003cfont dir=\\u0022auto\\u0022 style=\\u0022vertical-align: inherit;\\u0022\\u003e\\u003cfont dir=\\u0022auto\\u0022 style=\\u0022vertical-align: inherit;\\u0022\\u003e\\u003cfont dir=\\u0022auto\\u0022 style=\\u0022vertical-align: inherit;\\u0022\\u003eEl impulso a la construcci\u00f3n en el corto plazo y \\u003c\/font\\u003e\\u003c\/font\\u003e\\u003c\/font\\u003e\\u003c\/font\\u003e\\u003c\/font\\u003e\\u003c\/font\\u003e\\u003c\/font\\u003e\\u003c\/font\\u003e\\u003c\/font\\u003e\\u003c\/font\\u003e\\u003cfont dir=\\u0022auto\\u0022\\u003e\\u003cfont dir=\\u0022auto\\u0022\\u003e\\u003cfont dir=\\u0022auto\\u0022\\u003e\\u003cfont dir=\\u0022auto\\u0022\\u003e\\u003cfont dir=\\u0022auto\\u0022 style=\\u0022vertical-align: inherit;\\u0022\\u003e\\u003cfont dir=\\u0022auto\\u0022 style=\\u0022vertical-align: inherit;\\u0022\\u003e\\u003cfont dir=\\u0022auto\\u0022 style=\\u0022vertical-align: inherit;\\u0022\\u003e\\u003cfont dir=\\u0022auto\\u0022 style=\\u0022vertical-align: inherit;\\u0022\\u003e\\u003cfont dir=\\u0022auto\\u0022 style=\\u0022vertical-align: inherit;\\u0022\\u003e\\u003cfont dir=\\u0022auto\\u0022 style=\\u0022vertical-align: inherit;\\u0022\\u003een el marco de la informe \\u003c\/font\\u003e\\u003c\/font\\u003e\\u003c\/font\\u003e\\u003c\/font\\u003e\\u003c\/font\\u003e\\u003c\/font\\u003e\\u003c\/font\\u003e\\u003c\/font\\u003e\\u003c\/font\\u003e\\u003c\/font\\u003e\\u003cfont dir=\\u0022auto\\u0022\\u003e\\u003cfont dir=\\u0022auto\\u0022\\u003e\\u003cfont dir=\\u0022auto\\u0022\\u003e\\u003cfont dir=\\u0022auto\\u0022\\u003e\\u003cfont dir=\\u0022auto\\u0022 style=\\u0022vertical-align: inherit;\\u0022\\u003e\\u003cfont dir=\\u0022auto\\u0022 style=\\u0022vertical-align: inherit;\\u0022\\u003e\\u003cfont dir=\\u0022auto\\u0022 style=\\u0022vertical-align: inherit;\\u0022\\u003e\\u003cfont dir=\\u0022auto\\u0022 style=\\u0022vertical-align: inherit;\\u0022\\u003e\\u003cfont dir=\\u0022auto\\u0022 style=\\u0022vertical-align: inherit;\\u0022\\u003e\\u003cfont dir=\\u0022auto\\u0022 style=\\u0022vertical-align: inherit;\\u0022\\u003eMACh \\u003c\/font\\u003e\\u003c\/font\\u003e\\u003c\/font\\u003e\\u003c\/font\\u003e\\u003c\/font\\u003e\\u003c\/font\\u003e\\u003c\/font\\u003e\\u003c\/font\\u003e\\u003c\/font\\u003e\\u003cfont dir=\\u0022auto\\u0022\\u003e\\u003cfont dir=\\u0022auto\\u0022\\u003e\\u003cfont dir=\\u0022auto\\u0022\\u003e\\u003cfont dir=\\u0022auto\\u0022 style=\\u0022vertical-align: inherit;\\u0022\\u003e\\u003cfont dir=\\u0022auto\\u0022 style=\\u0022vertical-align: inherit;\\u0022\\u003e\\u003cfont dir=\\u0022auto\\u0022 style=\\u0022vertical-align: inherit;\\u0022\\u003e\\u003cfont dir=\\u0022auto\\u0022 style=\\u0022vertical-align: inherit;\\u0022\\u003e\\u003cfont dir=\\u0022auto\\u0022 style=\\u0022vertical-align: inherit;\\u0022\\u003e\\u003cfont dir=\\u0022auto\\u0022 style=\\u0022vertical-align: inherit;\\u0022\\u003e, el presidente de la CChC, \\u003c\/font\\u003e\\u003c\/font\\u003e\\u003c\/font\\u003e\\u003c\/font\\u003e\\u003c\/font\\u003e\\u003c\/font\\u003e\\u003c\/font\\u003e\\u003c\/font\\u003e\\u003c\/font\\u003e\\u003cfont dir=\\u0022auto\\u0022\\u003e\\u003cfont dir=\\u0022auto\\u0022\\u003e\\u003cfont dir=\\u0022auto\\u0022\\u003e\\u003cfont dir=\\u0022auto\\u0022 style=\\u0022vertical-align: inherit;\\u0022\\u003e\\u003cfont dir=\\u0022auto\\u0022 style=\\u0022vertical-align: inherit;\\u0022\\u003e\\u003cfont dir=\\u0022auto\\u0022 style=\\u0022vertical-align: inherit;\\u0022\\u003e\\u003cfont dir=\\u0022auto\\u0022 style=\\u0022vertical-align: inherit;\\u0022\\u003e\\u003cfont dir=\\u0022auto\\u0022 style=\\u0022vertical-align: inherit;\\u0022\\u003e\\u003cfont dir=\\u0022auto\\u0022 style=\\u0022vertical-align: inherit;\\u0022\\u003eAlfredo Echavarr\u00eda \\u003c\/font\\u003e\\u003c\/font\\u003e\\u003c\/font\\u003e\\u003c\/font\\u003e\\u003c\/font\\u003e\\u003c\/font\\u003e\\u003c\/font\\u003e\\u003c\/font\\u003e\\u003c\/font\\u003e\\u003cfont dir=\\u0022auto\\u0022\\u003e\\u003cfont dir=\\u0022auto\\u0022\\u003e\\u003cfont dir=\\u0022auto\\u0022\\u003e\\u003cfont dir=\\u0022auto\\u0022 style=\\u0022vertical-align: inherit;\\u0022\\u003e\\u003cfont dir=\\u0022auto\\u0022 style=\\u0022vertical-align: inherit;\\u0022\\u003e\\u003cfont dir=\\u0022auto\\u0022 style=\\u0022vertical-align: inherit;\\u0022\\u003e\\u003cfont dir=\\u0022auto\\u0022 style=\\u0022vertical-align: inherit;\\u0022\\u003e\\u003cfont dir=\\u0022auto\\u0022 style=\\u0022vertical-align: inherit;\\u0022\\u003e\\u003cfont dir=\\u0022auto\\u0022 style=\\u0022vertical-align: inherit;\\u0022\\u003e, concluy\u00f3 recordando un conjunto de que, de ser implementadas en el corto plazo, podr\u00edan acelerar el proceso de recuperaci\u00f3n de la industria y su aporte al crecimiento econ\u00f3mico, adem\u00e1s de mejorar el acceso de las personas a las viviendas y la infraestructura que necesitan.\\u003c\/font\\u003e\\u003c\/font\\u003e\\u003c\/font\\u003e\\u003c\/font\\u003e\\u003c\/font\\u003e\\u003c\/font\\u003e\\u003c\/font\\u003e\\u003c\/font\\u003e\\u003c\/font\\u003e\\u003c\/font\\u003e\\u003cspan\\u003e\\u0026nbsp;\\u003c\/span\\u003e\\u003cfont dir=\\u0022auto\\u0022\\u003e\\u003cfont dir=\\u0022auto\\u0022\\u003e\\u003cfont dir=\\u0022auto\\u0022\\u003e\\u003c\/font\\u003e\\u003c\/font\\u003e\\u003c\/font\\u003e\\u003cfont dir=\\u0022auto\\u0022\\u003e\\u003cfont dir=\\u0022auto\\u0022\\u003e\\u003cfont dir=\\u0022auto\\u0022\\u003e\\u003c\/font\\u003e\\u003c\/font\\u003e\\u003c\/font\\u003e\\u003cspan\\u003e\\u0026nbsp;\\u003c\/span\\u003e\\u003cfont dir=\\u0022auto\\u0022\\u003e\\u003cfont dir=\\u0022auto\\u0022\\u003e\\u003cfont dir=\\u0022auto\\u0022\\u003e\\u003c\/font\\u003e\\u003c\/font\\u003e\\u003c\/font\\u003e\\u003cfont dir=\\u0022auto\\u0022\\u003e\\u003cfont dir=\\u0022auto\\u0022\\u003e\\u003cfont dir=\\u0022auto\\u0022\\u003e\\u003c\/font\\u003e\\u003c\/font\\u003e\\u003c\/font\\u003e\\u003cfont dir=\\u0022auto\\u0022\\u003e\\u003cfont dir=\\u0022auto\\u0022\\u003e\\u0026nbsp;\\u003c\/font\\u003e\\u003c\/font\\u003e\\u003c\/font\\u003e\\u003c\/font\\u003e\\u003c\/p\\u003e\\u003cp style=\\u0022text-align: justify;\\u0022\\u003e\\u003cfont dir=\\u0022auto\\u0022 style=\\u0022\\u0022\\u003e\\u003cfont dir=\\u0022auto\\u0022\\u003e\\u003cfont dir=\\u0022auto\\u0022\\u003e\\u003cfont dir=\\u0022auto\\u0022\\u003e\\u003cfont dir=\\u0022auto\\u0022\\u003e\\u003cfont dir=\\u0022auto\\u0022\\u003e\\u003cfont dir=\\u0022auto\\u0022\\u003e\\u003cfont dir=\\u0022auto\\u0022\\u003e\\u003cfont dir=\\u0022auto\\u0022 style=\\u0022font-family: Verdana, Geneva, sans-serif;\\u0022\\u003e\\u003cbr\\u003e\\u003c\/font\\u003e\\u003c\/font\\u003e\\u003c\/font\\u003e\\u003c\/font\\u003e\\u003c\/font\\u003e\\u003c\/font\\u003e\\u003c\/font\\u003e\\u003c\/font\\u003e\\u003c\/font\\u003e\\u003c\/p\\u003e\\u003cp style=\\u0022text-align: justify; \\u0022\\u003e\\u003cfont color=\\u0022#474747\\u0022\\u003e\\u003cstrong\\u003e\\u003cfont dir=\\u0022auto\\u0022 style=\\u0022vertical-align: inherit;\\u0022\\u003e\\u003cfont dir=\\u0022auto\\u0022 style=\\u0022vertical-align: inherit;\\u0022\\u003e\\u003cfont dir=\\u0022auto\\u0022 style=\\u0022vertical-align: inherit;\\u0022\\u003e\\u003cfont dir=\\u0022auto\\u0022 style=\\u0022vertical-align: inherit;\\u0022\\u003e\\u003cfont dir=\\u0022auto\\u0022 style=\\u0022vertical-align: inherit;\\u0022\\u003e\\u003cfont dir=\\u0022auto\\u0022 style=\\u0022vertical-align: inherit;\\u0022\\u003e\\u003cfont dir=\\u0022auto\\u0022 style=\\u0022vertical-align: inherit;\\u0022\\u003e\\u003cfont dir=\\u0022auto\\u0022 style=\\u0022vertical-align: inherit; font-family: Verdana, Geneva, sans-serif;\\u0022\\u003e\\u0026nbsp; \\u0026nbsp; \\u0026nbsp; \\u0026nbsp; \\u0026nbsp; \\u0026nbsp; \\u0026nbsp; \\u0026nbsp; \\u0026nbsp; \\u0026nbsp; \\u0026nbsp;\\u003c\/font\\u003e\\u003c\/font\\u003e\\u003c\/font\\u003e\\u003c\/font\\u003e\\u003c\/font\\u003e\\u003c\/font\\u003e\\u003c\/font\\u003e\\u003c\/font\\u003e\\u003c\/strong\\u003e\\u003c\/font\\u003e\\u003c\/p\\u003e\"},\"tmp\":{}} --><div><p><font color=\"#474747\"><span><font dir=\"auto\"><font dir=\"auto\"><font dir=\"auto\"><font dir=\"auto\"><font dir=\"auto\"><font dir=\"auto\"><font dir=\"auto\"><font dir=\"auto\">&nbsp; &nbsp; &nbsp; &nbsp; Fuente:&nbsp;<\/font><\/font><\/font><\/font><\/font><\/font><\/font><\/font><\/span><\/font><font color=\"#474747\" face=\"Georgia, serif\"><b><font dir=\"auto\" style=\"vertical-align: inherit;\"><font dir=\"auto\" style=\"vertical-align: inherit;\">https:\/\/portalinnova.cl\/primer-contrato-de-la-estrategia-nacional-del-litio-recibe-aprobacion-definitiva-de-contraloria-para-su-operacion-en-atacama\/<\/font><\/font><\/b><\/font><\/p><div><font color=\"#474747\"><span><font dir=\"auto\"><font dir=\"auto\"><font dir=\"auto\"><font dir=\"auto\"><br><\/font><\/font><\/font><\/font><\/span><\/font><\/div><\/div><\/div><div pagelayer-id=\"gae7749\"><!-- {\"attr\":{\"height\":\"10px\",\"ele_margin\":\"10px,10px,10px,10px\"},\"tmp\":{}} --><!-- {\"attr\":{\"height\":\"10px\",\"ele_margin\":\"10px,10px,10px,10px\"},\"tmp\":{}} --><!-- {\"attr\":{\"height\":\"10px\",\"ele_margin\":\"10px,10px,10px,10px\"},\"tmp\":{}} --><\/div><\/h2>\n\n\n\n\n\n\n\n\n<h2><div pagelayer-id=\"i4c6072\"><!-- {\"attr\":{\"text\":\"\\u003ch2\\u003e\\u003cspan\\u003e\\u003cbr\\u003e\\u003c\/span\\u003e\\u003c\/h2\\u003e\\u003cp\\u003e\\u003cfont dir=\\u0022auto\\u0022\\u003e\\u003cfont dir=\\u0022auto\\u0022\\u003e\\u003c\/font\\u003e\\u003c\/font\\u003e\\u003c\/p\\u003e\\u003cp\\u003e\\u003cfont dir=\\u0022auto\\u0022\\u003e\\u003cfont dir=\\u0022auto\\u0022 style=\\u0022font-family: Verdana, Geneva, sans-serif;\\u0022\\u003e\\u003cfont dir=\\u0022auto\\u0022\\u003e\\u003cfont dir=\\u0022auto\\u0022\\u003e\\u003cspan style=\\u0022font-style: normal; font-variant-ligatures: normal; font-variant-caps: normal; font-weight: 400; color: rgb(34, 34, 34); font-family: Verdana, Geneva, sans-serif; font-size: 15px;\\u0022\\u003eDel mismo modo, el vicepresidente ejecutivo de la estatal, Iv\u00e1n Mlynarz, destac\u00f3 que esta toma de raz\u00f3n de la Contralor\u00eda \u201ces una nueva se\u00f1al de que en ENAMI avanzamos de manera concreta y somos protagonistas en la Estrategia Nacional del Litio. Salares Altoandinos es el proyecto\\u0026nbsp;\\u003c\/span\\u003e\\u003cem style=\\u0022font-variant-ligatures: normal; font-variant-caps: normal; font-weight: 400; color: rgb(34, 34, 34); font-family: Verdana, Geneva, sans-serif; font-size: 15px;\\u0022\\u003egreenfield\\u003c\/em\\u003e\\u003cspan style=\\u0022font-style: normal; font-variant-ligatures: normal; font-variant-caps: normal; font-weight: 400; color: rgb(34, 34, 34); font-family: Verdana, Geneva, sans-serif; font-size: 15px;\\u0022\\u003e\\u0026nbsp;m\u00e1s importante en materia de litio en Chile, y con esta luz verde en sede administrativa estamos cada vez m\u00e1s cerca de iniciar la explotaci\u00f3n y aportar m\u00e1s litio al pa\u00eds\u201d.\\u003c\/span\\u003e\\u0026nbsp;\\u003c\/font\\u003e\\u003c\/font\\u003e\\u003c\/font\\u003e\\u003c\/font\\u003e\\u003c\/p\\u003e\\u003cp\\u003e\\u003cfont dir=\\u0022auto\\u0022\\u003e\\u003cfont dir=\\u0022auto\\u0022\\u003e\\u003cfont dir=\\u0022auto\\u0022\\u003e\\u003cfont dir=\\u0022auto\\u0022\\u003e\\u003cfont dir=\\u0022auto\\u0022\\u003e\\u003cfont dir=\\u0022auto\\u0022\\u003e\\u003cfont dir=\\u0022auto\\u0022\\u003e\\u003cfont dir=\\u0022auto\\u0022\\u003e\\u003cfont dir=\\u0022auto\\u0022\\u003e\\u003cbr\\u003e\\u003c\/font\\u003e\\u003c\/font\\u003e\\u003c\/font\\u003e\\u003c\/font\\u003e\\u003c\/font\\u003e\\u003c\/font\\u003e\\u003c\/font\\u003e\\u003c\/font\\u003e\\u003c\/font\\u003e\\u003c\/p\\u003e\\u003cp\\u003e\\u003cfont color=\\u0022#474747\\u0022\\u003e\\u003cstrong\\u003e\\u003cfont dir=\\u0022auto\\u0022\\u003e\\u003cfont dir=\\u0022auto\\u0022\\u003e\\u003cfont dir=\\u0022auto\\u0022\\u003e\\u003cfont dir=\\u0022auto\\u0022\\u003e\\u003cfont dir=\\u0022auto\\u0022\\u003e\\u003cfont dir=\\u0022auto\\u0022\\u003e\\u003cfont dir=\\u0022auto\\u0022\\u003e\\u003cfont dir=\\u0022auto\\u0022\\u003e\\u0026nbsp; \\u0026nbsp; \\u0026nbsp; \\u0026nbsp; \\u0026nbsp; \\u0026nbsp; \\u0026nbsp; \\u0026nbsp; \\u0026nbsp; \\u0026nbsp; \\u0026nbsp;\\u003c\/font\\u003e\\u003c\/font\\u003e\\u003c\/font\\u003e\\u003c\/font\\u003e\\u003c\/font\\u003e\\u003c\/font\\u003e\\u003c\/font\\u003e\\u003c\/font\\u003e\\u003c\/strong\\u003e\\u003c\/font\\u003e\\u003c\/p\\u003e\"},\"tmp\":{}} --><!-- {\"attr\":{\"text\":\"\\u003ch2\\u003e\\u003cspan style=\\u0022font-family: Verdana, Geneva, sans-serif;\\u0022\\u003e\\u003cbr\\u003e\\u003c\/span\\u003e\\u003c\/h2\\u003e\\u003cp\\u003e\\u003cfont dir=\\u0022auto\\u0022 style=\\u0022font-family: Verdana, Geneva, sans-serif;\\u0022\\u003e\\u003cfont dir=\\u0022auto\\u0022 style=\\u0022\\u0022\\u003e\\u003c\/font\\u003e\\u003c\/font\\u003e\\u003c\/p\\u003e\\u003cp style=\\u0022text-align: justify;\\u0022\\u003e\\u003cfont dir=\\u0022auto\\u0022\\u003e\\u003cfont dir=\\u0022auto\\u0022 style=\\u0022font-family: Verdana, Geneva, sans-serif;\\u0022\\u003e\\u003cfont dir=\\u0022auto\\u0022\\u003e\\u003cfont dir=\\u0022auto\\u0022\\u003e\\u003cfont dir=\\u0022auto\\u0022\\u003e\\u003cfont dir=\\u0022auto\\u0022\\u003e\\u003cfont dir=\\u0022auto\\u0022 style=\\u0022vertical-align: inherit;\\u0022\\u003e\\u003cfont dir=\\u0022auto\\u0022 style=\\u0022vertical-align: inherit;\\u0022\\u003e\\u003cfont dir=\\u0022auto\\u0022 style=\\u0022vertical-align: inherit;\\u0022\\u003e\\u003cfont dir=\\u0022auto\\u0022 style=\\u0022vertical-align: inherit;\\u0022\\u003e\\u003cfont dir=\\u0022auto\\u0022 style=\\u0022vertical-align: inherit;\\u0022\\u003e\\u003cfont dir=\\u0022auto\\u0022 style=\\u0022vertical-align: inherit;\\u0022\\u003eEl impulso a la construcci\u00f3n en el corto plazo y \\u003c\/font\\u003e\\u003c\/font\\u003e\\u003c\/font\\u003e\\u003c\/font\\u003e\\u003c\/font\\u003e\\u003c\/font\\u003e\\u003c\/font\\u003e\\u003c\/font\\u003e\\u003c\/font\\u003e\\u003c\/font\\u003e\\u003cfont dir=\\u0022auto\\u0022\\u003e\\u003cfont dir=\\u0022auto\\u0022\\u003e\\u003cfont dir=\\u0022auto\\u0022\\u003e\\u003cfont dir=\\u0022auto\\u0022\\u003e\\u003cfont dir=\\u0022auto\\u0022 style=\\u0022vertical-align: inherit;\\u0022\\u003e\\u003cfont dir=\\u0022auto\\u0022 style=\\u0022vertical-align: inherit;\\u0022\\u003e\\u003cfont dir=\\u0022auto\\u0022 style=\\u0022vertical-align: inherit;\\u0022\\u003e\\u003cfont dir=\\u0022auto\\u0022 style=\\u0022vertical-align: inherit;\\u0022\\u003e\\u003cfont dir=\\u0022auto\\u0022 style=\\u0022vertical-align: inherit;\\u0022\\u003e\\u003cfont dir=\\u0022auto\\u0022 style=\\u0022vertical-align: inherit;\\u0022\\u003een el marco de la informe \\u003c\/font\\u003e\\u003c\/font\\u003e\\u003c\/font\\u003e\\u003c\/font\\u003e\\u003c\/font\\u003e\\u003c\/font\\u003e\\u003c\/font\\u003e\\u003c\/font\\u003e\\u003c\/font\\u003e\\u003c\/font\\u003e\\u003cfont dir=\\u0022auto\\u0022\\u003e\\u003cfont dir=\\u0022auto\\u0022\\u003e\\u003cfont dir=\\u0022auto\\u0022\\u003e\\u003cfont dir=\\u0022auto\\u0022\\u003e\\u003cfont dir=\\u0022auto\\u0022 style=\\u0022vertical-align: inherit;\\u0022\\u003e\\u003cfont dir=\\u0022auto\\u0022 style=\\u0022vertical-align: inherit;\\u0022\\u003e\\u003cfont dir=\\u0022auto\\u0022 style=\\u0022vertical-align: inherit;\\u0022\\u003e\\u003cfont dir=\\u0022auto\\u0022 style=\\u0022vertical-align: inherit;\\u0022\\u003e\\u003cfont dir=\\u0022auto\\u0022 style=\\u0022vertical-align: inherit;\\u0022\\u003e\\u003cfont dir=\\u0022auto\\u0022 style=\\u0022vertical-align: inherit;\\u0022\\u003eMACh \\u003c\/font\\u003e\\u003c\/font\\u003e\\u003c\/font\\u003e\\u003c\/font\\u003e\\u003c\/font\\u003e\\u003c\/font\\u003e\\u003c\/font\\u003e\\u003c\/font\\u003e\\u003c\/font\\u003e\\u003cfont dir=\\u0022auto\\u0022\\u003e\\u003cfont dir=\\u0022auto\\u0022\\u003e\\u003cfont dir=\\u0022auto\\u0022\\u003e\\u003cfont dir=\\u0022auto\\u0022 style=\\u0022vertical-align: inherit;\\u0022\\u003e\\u003cfont dir=\\u0022auto\\u0022 style=\\u0022vertical-align: inherit;\\u0022\\u003e\\u003cfont dir=\\u0022auto\\u0022 style=\\u0022vertical-align: inherit;\\u0022\\u003e\\u003cfont dir=\\u0022auto\\u0022 style=\\u0022vertical-align: inherit;\\u0022\\u003e\\u003cfont dir=\\u0022auto\\u0022 style=\\u0022vertical-align: inherit;\\u0022\\u003e\\u003cfont dir=\\u0022auto\\u0022 style=\\u0022vertical-align: inherit;\\u0022\\u003e, el presidente de la CChC, \\u003c\/font\\u003e\\u003c\/font\\u003e\\u003c\/font\\u003e\\u003c\/font\\u003e\\u003c\/font\\u003e\\u003c\/font\\u003e\\u003c\/font\\u003e\\u003c\/font\\u003e\\u003c\/font\\u003e\\u003cfont dir=\\u0022auto\\u0022\\u003e\\u003cfont dir=\\u0022auto\\u0022\\u003e\\u003cfont dir=\\u0022auto\\u0022\\u003e\\u003cfont dir=\\u0022auto\\u0022 style=\\u0022vertical-align: inherit;\\u0022\\u003e\\u003cfont dir=\\u0022auto\\u0022 style=\\u0022vertical-align: inherit;\\u0022\\u003e\\u003cfont dir=\\u0022auto\\u0022 style=\\u0022vertical-align: inherit;\\u0022\\u003e\\u003cfont dir=\\u0022auto\\u0022 style=\\u0022vertical-align: inherit;\\u0022\\u003e\\u003cfont dir=\\u0022auto\\u0022 style=\\u0022vertical-align: inherit;\\u0022\\u003e\\u003cfont dir=\\u0022auto\\u0022 style=\\u0022vertical-align: inherit;\\u0022\\u003eAlfredo Echavarr\u00eda \\u003c\/font\\u003e\\u003c\/font\\u003e\\u003c\/font\\u003e\\u003c\/font\\u003e\\u003c\/font\\u003e\\u003c\/font\\u003e\\u003c\/font\\u003e\\u003c\/font\\u003e\\u003c\/font\\u003e\\u003cfont dir=\\u0022auto\\u0022\\u003e\\u003cfont dir=\\u0022auto\\u0022\\u003e\\u003cfont dir=\\u0022auto\\u0022\\u003e\\u003cfont dir=\\u0022auto\\u0022 style=\\u0022vertical-align: inherit;\\u0022\\u003e\\u003cfont dir=\\u0022auto\\u0022 style=\\u0022vertical-align: inherit;\\u0022\\u003e\\u003cfont dir=\\u0022auto\\u0022 style=\\u0022vertical-align: inherit;\\u0022\\u003e\\u003cfont dir=\\u0022auto\\u0022 style=\\u0022vertical-align: inherit;\\u0022\\u003e\\u003cfont dir=\\u0022auto\\u0022 style=\\u0022vertical-align: inherit;\\u0022\\u003e\\u003cfont dir=\\u0022auto\\u0022 style=\\u0022vertical-align: inherit;\\u0022\\u003e, concluy\u00f3 recordando un conjunto de que, de ser implementadas en el corto plazo, podr\u00edan acelerar el proceso de recuperaci\u00f3n de la industria y su aporte al crecimiento econ\u00f3mico, adem\u00e1s de mejorar el acceso de las personas a las viviendas y la infraestructura que necesitan.\\u003c\/font\\u003e\\u003c\/font\\u003e\\u003c\/font\\u003e\\u003c\/font\\u003e\\u003c\/font\\u003e\\u003c\/font\\u003e\\u003c\/font\\u003e\\u003c\/font\\u003e\\u003c\/font\\u003e\\u003c\/font\\u003e\\u003cspan\\u003e\\u0026nbsp;\\u003c\/span\\u003e\\u003cfont dir=\\u0022auto\\u0022\\u003e\\u003cfont dir=\\u0022auto\\u0022\\u003e\\u003cfont dir=\\u0022auto\\u0022\\u003e\\u003c\/font\\u003e\\u003c\/font\\u003e\\u003c\/font\\u003e\\u003cfont dir=\\u0022auto\\u0022\\u003e\\u003cfont dir=\\u0022auto\\u0022\\u003e\\u003cfont dir=\\u0022auto\\u0022\\u003e\\u003c\/font\\u003e\\u003c\/font\\u003e\\u003c\/font\\u003e\\u003cspan\\u003e\\u0026nbsp;\\u003c\/span\\u003e\\u003cfont dir=\\u0022auto\\u0022\\u003e\\u003cfont dir=\\u0022auto\\u0022\\u003e\\u003cfont dir=\\u0022auto\\u0022\\u003e\\u003c\/font\\u003e\\u003c\/font\\u003e\\u003c\/font\\u003e\\u003cfont dir=\\u0022auto\\u0022\\u003e\\u003cfont dir=\\u0022auto\\u0022\\u003e\\u003cfont dir=\\u0022auto\\u0022\\u003e\\u003c\/font\\u003e\\u003c\/font\\u003e\\u003c\/font\\u003e\\u003cfont dir=\\u0022auto\\u0022\\u003e\\u003cfont dir=\\u0022auto\\u0022\\u003e\\u0026nbsp;\\u003c\/font\\u003e\\u003c\/font\\u003e\\u003c\/font\\u003e\\u003c\/font\\u003e\\u003c\/p\\u003e\\u003cp style=\\u0022text-align: justify;\\u0022\\u003e\\u003cfont dir=\\u0022auto\\u0022 style=\\u0022\\u0022\\u003e\\u003cfont dir=\\u0022auto\\u0022\\u003e\\u003cfont dir=\\u0022auto\\u0022\\u003e\\u003cfont dir=\\u0022auto\\u0022\\u003e\\u003cfont dir=\\u0022auto\\u0022\\u003e\\u003cfont dir=\\u0022auto\\u0022\\u003e\\u003cfont dir=\\u0022auto\\u0022\\u003e\\u003cfont dir=\\u0022auto\\u0022\\u003e\\u003cfont dir=\\u0022auto\\u0022 style=\\u0022font-family: Verdana, Geneva, sans-serif;\\u0022\\u003e\\u003cbr\\u003e\\u003c\/font\\u003e\\u003c\/font\\u003e\\u003c\/font\\u003e\\u003c\/font\\u003e\\u003c\/font\\u003e\\u003c\/font\\u003e\\u003c\/font\\u003e\\u003c\/font\\u003e\\u003c\/font\\u003e\\u003c\/p\\u003e\\u003cp style=\\u0022text-align: justify; \\u0022\\u003e\\u003cfont color=\\u0022#474747\\u0022\\u003e\\u003cstrong\\u003e\\u003cfont dir=\\u0022auto\\u0022 style=\\u0022vertical-align: inherit;\\u0022\\u003e\\u003cfont dir=\\u0022auto\\u0022 style=\\u0022vertical-align: inherit;\\u0022\\u003e\\u003cfont dir=\\u0022auto\\u0022 style=\\u0022vertical-align: inherit;\\u0022\\u003e\\u003cfont dir=\\u0022auto\\u0022 style=\\u0022vertical-align: inherit;\\u0022\\u003e\\u003cfont dir=\\u0022auto\\u0022 style=\\u0022vertical-align: inherit;\\u0022\\u003e\\u003cfont dir=\\u0022auto\\u0022 style=\\u0022vertical-align: inherit;\\u0022\\u003e\\u003cfont dir=\\u0022auto\\u0022 style=\\u0022vertical-align: inherit;\\u0022\\u003e\\u003cfont dir=\\u0022auto\\u0022 style=\\u0022vertical-align: inherit; font-family: Verdana, Geneva, sans-serif;\\u0022\\u003e\\u0026nbsp; \\u0026nbsp; \\u0026nbsp; \\u0026nbsp; \\u0026nbsp; \\u0026nbsp; \\u0026nbsp; \\u0026nbsp; \\u0026nbsp; \\u0026nbsp; \\u0026nbsp;\\u003c\/font\\u003e\\u003c\/font\\u003e\\u003c\/font\\u003e\\u003c\/font\\u003e\\u003c\/font\\u003e\\u003c\/font\\u003e\\u003c\/font\\u003e\\u003c\/font\\u003e\\u003c\/strong\\u003e\\u003c\/font\\u003e\\u003c\/p\\u003e\"},\"tmp\":{}} --><div><p><font color=\"#474747\"><span><font dir=\"auto\"><font dir=\"auto\"><font dir=\"auto\"><font dir=\"auto\"><font dir=\"auto\"><font dir=\"auto\"><font dir=\"auto\"><font dir=\"auto\">&nbsp; &nbsp; &nbsp; &nbsp; Fuente:<span>&nbsp;<\/span><\/font><\/font><\/font><\/font><\/font><\/font><\/font><\/font><\/span><\/font><font color=\"#474747\" face=\"Georgia, serif\"><font dir=\"auto\"><font dir=\"auto\">https:\/\/portalinnova.cl\/primer-contrato-de-la-estrategia-nacional-del-litio-recibe-aprobacion-definitiva-de-contraloria-para-su-operacion-en-atacama\/<\/font><\/font><\/font><\/p><div><font color=\"#474747\"><span><font dir=\"auto\"><font dir=\"auto\"><font dir=\"auto\"><font dir=\"auto\"><br><\/font><\/font><\/font><\/font><\/span><\/font><\/div><\/div><\/div><div pagelayer-id=\"gae7749\"><!-- {\"attr\":{\"height\":\"10px\",\"ele_margin\":\"10px,10px,10px,10px\"},\"tmp\":{}} --><!-- {\"attr\":{\"height\":\"10px\",\"ele_margin\":\"10px,10px,10px,10px\"},\"tmp\":{}} --><\/div><\/h2>\n\n\n\n\n\n\n\n\n\n\n\n\n\n\n","protected":false},"excerpt":{"rendered":"","protected":false},"author":1,"featured_media":0,"parent":0,"menu_order":0,"comment_status":"closed","ping_status":"closed","template":"","meta":{"footnotes":""},"class_list":["post-1343","page","type-page","status-publish","hentry"],"_links":{"self":[{"href":"https:\/\/ltec.cl\/site\/wp-json\/wp\/v2\/pages\/1343","targetHints":{"allow":["GET"]}}],"collection":[{"href":"https:\/\/ltec.cl\/site\/wp-json\/wp\/v2\/pages"}],"about":[{"href":"https:\/\/ltec.cl\/site\/wp-json\/wp\/v2\/types\/page"}],"author":[{"embeddable":true,"href":"https:\/\/ltec.cl\/site\/wp-json\/wp\/v2\/users\/1"}],"replies":[{"embeddable":true,"href":"https:\/\/ltec.cl\/site\/wp-json\/wp\/v2\/comments?post=1343"}],"version-history":[{"count":11,"href":"https:\/\/ltec.cl\/site\/wp-json\/wp\/v2\/pages\/1343\/revisions"}],"predecessor-version":[{"id":1373,"href":"https:\/\/ltec.cl\/site\/wp-json\/wp\/v2\/pages\/1343\/revisions\/1373"}],"wp:attachment":[{"href":"https:\/\/ltec.cl\/site\/wp-json\/wp\/v2\/media?parent=1343"}],"curies":[{"name":"wp","href":"https:\/\/api.w.org\/{rel}","templated":true}]}}