{"id":1240,"date":"2026-01-08T14:51:34","date_gmt":"2026-01-08T18:51:34","guid":{"rendered":"https:\/\/ltec.cl\/site\/?page_id=1240"},"modified":"2026-04-02T16:45:43","modified_gmt":"2026-04-02T20:45:43","slug":"chile-forma-a-sus-primeros-especialistas-en-impresion-3d-de-hormigon","status":"publish","type":"page","link":"https:\/\/ltec.cl\/site\/chile-forma-a-sus-primeros-especialistas-en-impresion-3d-de-hormigon\/","title":{"rendered":"Chile forma a sus primeros especialistas en impresi\u00f3n 3D de hormig\u00f3n"},"content":{"rendered":"\n\n\n<h2><font dir=\"auto\"><font dir=\"auto\">Chile forma a sus primeros especialistas en impresi\u00f3n 3D de hormig\u00f3n<\/font><\/font><\/h2>\n\n<span><font dir=\"auto\"><font dir=\"auto\"><font dir=\"auto\"><font dir=\"auto\"><br><\/font><\/font><\/font><\/font><\/span><h5><span style=\"font-weight: normal; font-family: Verdana, Geneva, sans-serif;\"><font dir=\"auto\"><font dir=\"auto\"><font dir=\"auto\"><font dir=\"auto\"><font dir=\"auto\"><font dir=\"auto\"><font dir=\"auto\"><font dir=\"auto\"><font dir=\"auto\" style=\"vertical-align: inherit;\"><font dir=\"auto\" style=\"vertical-align: inherit;\"><font dir=\"auto\" style=\"vertical-align: inherit;\"><font dir=\"auto\" style=\"vertical-align: inherit;\"><font dir=\"auto\" style=\"vertical-align: inherit;\"><font dir=\"auto\" style=\"vertical-align: inherit;\">La construcci\u00f3n vive una revoluci\u00f3n. Mientras en Europa, Asia y Estados Unidos avanzan las primeras viviendas impresas digitalmente, en Chile esta tecnolog\u00eda acaba de dar un paso decisivo: estudiantes de INACAP ya se est\u00e1n formando con el primer brazo rob\u00f3tico de impresi\u00f3n 3D de hormig\u00f3n disponible en el pa\u00eds, un equipo capaz de crear estructuras capa por capa, reducir tiempos de obra y minimizar residuos.<\/font><\/font><\/font><\/font><\/font><\/font><\/font><\/font><\/font><\/font><\/font><\/font><\/font><\/font><\/span><\/h5><h5><span style=\"font-weight: normal; font-family: Verdana, Geneva, sans-serif;\"><font dir=\"auto\"><font dir=\"auto\"><font dir=\"auto\"><font dir=\"auto\"><font dir=\"auto\"><font dir=\"auto\"><font dir=\"auto\"><font dir=\"auto\"><br><\/font><\/font><\/font><\/font><\/font><\/font><\/font><\/font><font dir=\"auto\"><font dir=\"auto\"><font dir=\"auto\"><font dir=\"auto\"><font dir=\"auto\"><font dir=\"auto\"><font dir=\"auto\" style=\"vertical-align: inherit;\"><font dir=\"auto\" style=\"vertical-align: inherit;\"><font dir=\"auto\" style=\"vertical-align: inherit;\"><font dir=\"auto\" style=\"vertical-align: inherit;\"><font dir=\"auto\" style=\"vertical-align: inherit;\"><font dir=\"auto\" style=\"vertical-align: inherit;\"> La iniciativa es parte de la alianza entre INACAP y la multinacional ACCIONA, cuyo objetivo es acelerar la transferencia tecnol\u00f3gica y preparar a t\u00e9cnicos y profesionales capaces de operar las nuevas herramientas que transformar\u00e1n el sector de construcci\u00f3n en los pr\u00f3ximos a\u00f1os.<\/font><\/font><\/font><\/font><\/font><\/font><\/font><\/font><\/font><\/font><\/font><\/font><\/span><\/h5>\n\n\n\n\n\n\n\n<span style=\"font-family: Arial, Helvetica, sans-serif;\"><font dir=\"auto\"><font dir=\"auto\"><font dir=\"auto\"><font dir=\"auto\"><br><\/font><\/font><\/font><\/font><\/span><h5><span style=\"font-weight: normal; font-family: Arial, Helvetica, sans-serif;\"><font dir=\"auto\"><font dir=\"auto\"><font dir=\"auto\"><font dir=\"auto\"><font dir=\"auto\"><font dir=\"auto\"><font dir=\"auto\"><font dir=\"auto\"><font dir=\"auto\"><font dir=\"auto\"><font dir=\"auto\"><font dir=\"auto\"><font dir=\"auto\"><font dir=\"auto\"><font dir=\"auto\"><font dir=\"auto\"><font dir=\"auto\" style=\"vertical-align: inherit;\"><font dir=\"auto\" style=\"vertical-align: inherit;\">La construcci\u00f3n vive una revoluci\u00f3n. Mientras en Europa, Asia y Estados Unidos avanzan las primeras viviendas impresas digitalmente, en Chile esta tecnolog\u00eda acaba de dar un paso decisivo: estudiantes de INACAP ya se est\u00e1n formando con el primer brazo rob\u00f3tico de impresi\u00f3n 3D de hormig\u00f3n disponible en el pa\u00eds, un equipo capaz de crear estructuras capa por capa, reducir tiempos de obra y minimizar residuos.<\/font><\/font><\/font><\/font><\/font><\/font><\/font><\/font><\/font><\/font><\/font><\/font><\/font><\/font><\/font><\/font><\/font><\/font><\/span><\/h5><h5><span style=\"font-weight: normal; font-family: Arial, Helvetica, sans-serif;\"><font dir=\"auto\"><font dir=\"auto\"><font dir=\"auto\"><font dir=\"auto\"><font dir=\"auto\"><font dir=\"auto\"><font dir=\"auto\"><font dir=\"auto\"><br><\/font><\/font><\/font><\/font><\/font><\/font><\/font><\/font><font dir=\"auto\"><font dir=\"auto\"><font dir=\"auto\"><font dir=\"auto\"><font dir=\"auto\"><font dir=\"auto\"><font dir=\"auto\"><font dir=\"auto\"><font dir=\"auto\"><font dir=\"auto\"><font dir=\"auto\"><font dir=\"auto\"><font dir=\"auto\"><font dir=\"auto\"><font dir=\"auto\" style=\"vertical-align: inherit;\"><font dir=\"auto\" style=\"vertical-align: inherit;\">La iniciativa es parte de la alianza entre INACAP y la multinacional ACCIONA, cuyo objetivo es acelerar la transferencia tecnol\u00f3gica y preparar a t\u00e9cnicos y profesionales capaces de operar las nuevas herramientas que transformar\u00e1n el sector de construcci\u00f3n en los pr\u00f3ximos a\u00f1os.<\/font><\/font><\/font><\/font><\/font><\/font><\/font><\/font><\/font><\/font><\/font><\/font><\/font><\/font><\/font><\/font><\/span><\/h5>\n\n\n\n\n\n\n\n\n\n\n\n\n\n<h3><span><span><font dir=\"auto\"><font dir=\"auto\"><font dir=\"auto\"><font dir=\"auto\"><font dir=\"auto\"><font dir=\"auto\"><font dir=\"auto\"><font dir=\"auto\"><font dir=\"auto\"><font dir=\"auto\"><font dir=\"auto\"><font dir=\"auto\"><font dir=\"auto\"><font dir=\"auto\"><\/font><\/font><\/font><\/font><\/font><\/font><\/font><\/font><\/font><\/font><\/font><\/font><\/font><\/font><\/span><\/span><\/h3><h5><font dir=\"auto\"><font dir=\"auto\"><font dir=\"auto\"><font dir=\"auto\"><font dir=\"auto\"><font dir=\"auto\"><font dir=\"auto\"><font dir=\"auto\"><font dir=\"auto\"><font dir=\"auto\"><font dir=\"auto\" style=\"vertical-align: inherit;\"><font dir=\"auto\" style=\"vertical-align: inherit;\"><font dir=\"auto\" style=\"vertical-align: inherit;\"><font dir=\"auto\" style=\"vertical-align: inherit; font-weight: normal;\"><font dir=\"auto\" style=\"vertical-align: inherit;\"><font dir=\"auto\" style=\"vertical-align: inherit;\"><font dir=\"auto\" style=\"vertical-align: inherit;\"><font dir=\"auto\" style=\"vertical-align: inherit;\">&nbsp;Lo m\u00e1s valioso es la interdisciplina donde estudiantes de distintas carreras trabajan juntos en una experiencia real. Eso acelera su empleabilidad y nos permite aportar al desarrollo del pa\u00eds&#8221;.&nbsp;<\/font><\/font><\/font><\/font><\/font><\/font><\/font><\/font><\/font><\/font><\/font><\/font><\/font><\/font><\/font><\/font><\/font><\/font><\/h5><div><font dir=\"auto\"><font dir=\"auto\"><font dir=\"auto\"><font dir=\"auto\"><font dir=\"auto\"><font dir=\"auto\"><font dir=\"auto\"><font dir=\"auto\"><font dir=\"auto\"><font dir=\"auto\"><font dir=\"auto\" style=\"vertical-align: inherit;\"><font dir=\"auto\" style=\"vertical-align: inherit;\"><font dir=\"auto\" style=\"vertical-align: inherit;\"><font dir=\"auto\" style=\"vertical-align: inherit; font-weight: normal;\"><font dir=\"auto\" style=\"vertical-align: inherit;\"><font dir=\"auto\" style=\"vertical-align: inherit;\"><br><\/font><\/font><\/font><\/font><\/font><\/font><\/font><\/font><\/font><\/font><\/font><\/font><\/font><\/font><\/font><\/font><\/div><h5><font dir=\"auto\"><font dir=\"auto\"><font dir=\"auto\"><font dir=\"auto\"><font dir=\"auto\"><font dir=\"auto\"><font dir=\"auto\" style=\"vertical-align: inherit;\"><font dir=\"auto\" style=\"vertical-align: inherit; font-weight: normal;\"><font dir=\"auto\" style=\"vertical-align: inherit;\"><font dir=\"auto\" style=\"vertical-align: inherit;\"><font dir=\"auto\" style=\"vertical-align: inherit;\"><font dir=\"auto\" style=\"vertical-align: inherit;\">Lo que hace cinco a\u00f1os parec\u00eda futurista hoy se convierte en parte del curr\u00edculum formativo de estudiantes que comienzan a integrar la rob\u00f3tica, la automatizaci\u00f3n y la construcci\u00f3n sostenible en un mismo proceso. El brazo rob\u00f3tico, instalado actualmente en la sede INACAP Puente Alto, y que posteriormente ser\u00e1 trasladado a la Sede en La Serena.<\/font><\/font><\/font><\/font><\/font><\/font><\/font><\/font><\/font><\/font><\/font><\/font><\/h5><p><font dir=\"auto\"><font dir=\"auto\"><font dir=\"auto\"><font dir=\"auto\"><font dir=\"auto\"><font dir=\"auto\"><font dir=\"auto\"><font dir=\"auto\"><font dir=\"auto\"><font dir=\"auto\"><font dir=\"auto\"><font dir=\"auto\"><font dir=\"auto\"><font dir=\"auto\"><font dir=\"auto\"><font dir=\"auto\"><font dir=\"auto\"><font dir=\"auto\"><font dir=\"auto\"><font dir=\"auto\"><font dir=\"auto\"><font dir=\"auto\"><font dir=\"auto\"><font dir=\"auto\"><font dir=\"auto\"><font dir=\"auto\"><font dir=\"auto\"><font dir=\"auto\"><\/font><\/font><\/font><\/font><\/font><\/font><\/font><\/font><\/font><\/font><\/font><\/font><\/font><\/font><\/font><\/font><\/font><\/font><\/font><\/font><\/font><\/font><\/font><\/font><\/font><\/font><\/font><\/font><\/p>\n\n\n\n\n<h3><span><span><font dir=\"auto\"><font dir=\"auto\"><font dir=\"auto\"><font dir=\"auto\"><font dir=\"auto\"><font dir=\"auto\"><font dir=\"auto\"><font dir=\"auto\"><font dir=\"auto\"><font dir=\"auto\"><font dir=\"auto\"><font dir=\"auto\"><font dir=\"auto\"><font dir=\"auto\"><\/font><\/font><\/font><\/font><\/font><\/font><\/font><\/font><\/font><\/font><\/font><\/font><\/font><\/font><\/span><\/span><\/h3><h5><font dir=\"auto\"><font dir=\"auto\"><font dir=\"auto\"><font dir=\"auto\"><font dir=\"auto\"><font dir=\"auto\"><font dir=\"auto\"><font dir=\"auto\"><font dir=\"auto\"><font dir=\"auto\"><font dir=\"auto\" style=\"vertical-align: inherit;\"><font dir=\"auto\" style=\"vertical-align: inherit;\"><font dir=\"auto\" style=\"vertical-align: inherit;\"><font dir=\"auto\" style=\"vertical-align: inherit; font-weight: normal;\"><font dir=\"auto\" style=\"vertical-align: inherit;\"><font dir=\"auto\" style=\"vertical-align: inherit;\"><font dir=\"auto\" style=\"vertical-align: inherit;\"><font dir=\"auto\" style=\"vertical-align: inherit;\">&nbsp;<span style=\"font-family: Arial, Helvetica, sans-serif;\">Lo m\u00e1s valioso es la interdisciplina donde estudiantes de distintas carreras trabajan juntos en una experiencia real. Eso acelera su empleabilidad y nos permite aportar al desarrollo del pa\u00eds&#8221;.&nbsp;<\/span><\/font><\/font><\/font><\/font><\/font><\/font><\/font><\/font><\/font><\/font><\/font><\/font><\/font><\/font><\/font><\/font><\/font><\/font><\/h5><p><font dir=\"auto\"><font dir=\"auto\"><font dir=\"auto\"><font dir=\"auto\"><font dir=\"auto\"><font dir=\"auto\"><font dir=\"auto\"><font dir=\"auto\"><font dir=\"auto\"><font dir=\"auto\"><font dir=\"auto\" style=\"vertical-align: inherit;\"><font dir=\"auto\" style=\"vertical-align: inherit;\"><font dir=\"auto\" style=\"vertical-align: inherit;\"><font dir=\"auto\" style=\"vertical-align: inherit; font-weight: normal;\"><font dir=\"auto\" style=\"vertical-align: inherit;\"><font dir=\"auto\" style=\"vertical-align: inherit; font-family: Arial, Helvetica, sans-serif;\"><br><\/font><\/font><\/font><\/font><\/font><\/font><\/font><\/font><\/font><\/font><\/font><\/font><\/font><\/font><\/font><\/font><\/p><h5><font dir=\"auto\"><font dir=\"auto\"><font dir=\"auto\"><font dir=\"auto\"><font dir=\"auto\"><font dir=\"auto\"><font dir=\"auto\" style=\"vertical-align: inherit;\"><font dir=\"auto\" style=\"vertical-align: inherit; font-weight: normal;\"><font dir=\"auto\" style=\"vertical-align: inherit;\"><font dir=\"auto\" style=\"vertical-align: inherit;\"><font dir=\"auto\" style=\"vertical-align: inherit;\"><font dir=\"auto\" style=\"vertical-align: inherit; font-family: Arial, Helvetica, sans-serif;\">Lo que hace cinco a\u00f1os parec\u00eda futurista hoy se convierte en parte del curr\u00edculum formativo de estudiantes que comienzan a integrar la rob\u00f3tica, la automatizaci\u00f3n y la construcci\u00f3n sostenible en un mismo proceso. El brazo rob\u00f3tico, instalado actualmente en la sede INACAP Puente Alto, y que posteriormente ser\u00e1 trasladado a la Sede en La Serena.<\/font><\/font><\/font><\/font><\/font><\/font><\/font><\/font><\/font><\/font><\/font><\/font><\/h5><p><font dir=\"auto\"><font dir=\"auto\"><font dir=\"auto\"><font dir=\"auto\"><font dir=\"auto\"><font dir=\"auto\"><font dir=\"auto\"><font dir=\"auto\"><font dir=\"auto\"><font dir=\"auto\"><font dir=\"auto\"><font dir=\"auto\"><font dir=\"auto\"><font dir=\"auto\"><font dir=\"auto\"><font dir=\"auto\"><font dir=\"auto\"><font dir=\"auto\"><font dir=\"auto\"><font dir=\"auto\"><font dir=\"auto\"><font dir=\"auto\"><font dir=\"auto\"><font dir=\"auto\"><font dir=\"auto\"><font dir=\"auto\"><font dir=\"auto\"><font dir=\"auto\"><\/font><\/font><\/font><\/font><\/font><\/font><\/font><\/font><\/font><\/font><\/font><\/font><\/font><\/font><\/font><\/font><\/font><\/font><\/font><\/font><\/font><\/font><\/font><\/font><\/font><\/font><\/font><\/font><\/p>\n\n\n\n\n\n\n\n<h5><span style=\"font-weight: normal;\"><font dir=\"auto\"><font dir=\"auto\"><font dir=\"auto\"><font dir=\"auto\"><font dir=\"auto\"><font dir=\"auto\"><font dir=\"auto\"><font dir=\"auto\"><font dir=\"auto\"><font dir=\"auto\"><font dir=\"auto\" style=\"vertical-align: inherit;\"><font dir=\"auto\" style=\"vertical-align: inherit;\"><font dir=\"auto\" style=\"vertical-align: inherit;\"><font dir=\"auto\" style=\"vertical-align: inherit;\"><font dir=\"auto\" style=\"vertical-align: inherit;\"><font dir=\"auto\" style=\"vertical-align: inherit;\">Diego Pini, Director para el <\/font><\/font><\/font><\/font><\/font><\/font><\/font><\/font><\/font><\/font><\/font><\/font><\/font><\/font><font dir=\"auto\"><font dir=\"auto\"><font dir=\"auto\"><font dir=\"auto\"><font dir=\"auto\"><font dir=\"auto\"><font dir=\"auto\"><font dir=\"auto\"><font dir=\"auto\" style=\"vertical-align: inherit;\"><font dir=\"auto\" style=\"vertical-align: inherit;\"><font dir=\"auto\" style=\"vertical-align: inherit;\"><font dir=\"auto\" style=\"vertical-align: inherit;\"><font dir=\"auto\" style=\"vertical-align: inherit;\"><font dir=\"auto\" style=\"vertical-align: inherit;\"><font dir=\"auto\" style=\"vertical-align: inherit;\"><font dir=\"auto\" style=\"vertical-align: inherit;\">Cono Sur de Infraestructuras de ACCIONA, explic\u00f3 que la tecnolog\u00eda de impresi\u00f3n 3D en hormig\u00f3n invita a los estudiantes a repensar el dise\u00f1o y construcci\u00f3n de las infraestructuras que el pa\u00eds requiere. &#8220;Gracias a este brazo rob\u00f3tico, los estudiantes no solo aprenden sobre una tecnolog\u00eda que est\u00e1 revolucionando la construcci\u00f3n a nivel global, sino que adquieren competencias pr\u00e1cticas en automatizaci\u00f3n, dise\u00f1o y sostenibilidad.&nbsp;<\/font><\/font><\/font><\/font><\/font><\/font><\/font><\/font><\/font><\/font><\/font><\/font><\/font><\/font><\/font><\/font><\/font><\/font><\/span><\/h5><h5><span style=\"font-weight: normal;\"><font dir=\"auto\"><font dir=\"auto\"><font dir=\"auto\"><font dir=\"auto\"><font dir=\"auto\"><font dir=\"auto\"><font dir=\"auto\"><font dir=\"auto\"><font dir=\"auto\"><font dir=\"auto\"><font dir=\"auto\" style=\"vertical-align: inherit;\"><font dir=\"auto\" style=\"vertical-align: inherit;\"><font dir=\"auto\" style=\"vertical-align: inherit;\"><font dir=\"auto\" style=\"vertical-align: inherit;\"><font dir=\"auto\" style=\"vertical-align: inherit;\"><font dir=\"auto\" style=\"vertical-align: inherit;\"><br><\/font><\/font><\/font><\/font><\/font><\/font><\/font><\/font><\/font><\/font><\/font><\/font><\/font><\/font><\/font><\/font><\/span><\/h5><h5><br><\/h5>\n\n\n\n\n\n\n\n\n\n\n\n<h5><span style=\"font-weight: normal;\"><font dir=\"auto\"><font dir=\"auto\"><font dir=\"auto\"><font dir=\"auto\"><font dir=\"auto\"><font dir=\"auto\"><font dir=\"auto\"><font dir=\"auto\"><font dir=\"auto\"><font dir=\"auto\"><font dir=\"auto\" style=\"vertical-align: inherit;\"><font dir=\"auto\" style=\"vertical-align: inherit;\"><font dir=\"auto\" style=\"vertical-align: inherit;\"><font dir=\"auto\" style=\"vertical-align: inherit;\"><font dir=\"auto\" style=\"vertical-align: inherit;\"><font dir=\"auto\" style=\"vertical-align: inherit;\">Diego Pini, Director para el <\/font><\/font><\/font><\/font><\/font><\/font><\/font><\/font><\/font><\/font><\/font><\/font><\/font><\/font><font dir=\"auto\"><font dir=\"auto\"><font dir=\"auto\"><font dir=\"auto\"><font dir=\"auto\"><font dir=\"auto\"><font dir=\"auto\"><font dir=\"auto\"><font dir=\"auto\" style=\"vertical-align: inherit;\"><font dir=\"auto\" style=\"vertical-align: inherit;\"><font dir=\"auto\" style=\"vertical-align: inherit;\"><font dir=\"auto\" style=\"vertical-align: inherit;\"><font dir=\"auto\" style=\"vertical-align: inherit;\"><font dir=\"auto\" style=\"vertical-align: inherit;\"><font dir=\"auto\" style=\"vertical-align: inherit;\"><font dir=\"auto\" style=\"vertical-align: inherit;\">Cono Sur de Infraestructuras de ACCIONA, explic\u00f3 que la tecnolog\u00eda de impresi\u00f3n 3D en hormig\u00f3n invita a los estudiantes a repensar el dise\u00f1o y construcci\u00f3n de las infraestructuras que el pa\u00eds requiere. &#8220;Gracias a este brazo rob\u00f3tico, los estudiantes no solo aprenden sobre una tecnolog\u00eda que est\u00e1 revolucionando la construcci\u00f3n a nivel global, sino que adquieren competencias pr\u00e1cticas en automatizaci\u00f3n, dise\u00f1o y sostenibilidad.&nbsp;<\/font><\/font><\/font><\/font><\/font><\/font><\/font><\/font><\/font><\/font><\/font><\/font><\/font><\/font><\/font><\/font><\/font><\/font><\/span><\/h5><h5><span style=\"font-weight: normal;\"><font dir=\"auto\"><font dir=\"auto\"><font dir=\"auto\"><font dir=\"auto\"><font dir=\"auto\"><font dir=\"auto\"><font dir=\"auto\"><font dir=\"auto\"><font dir=\"auto\"><font dir=\"auto\"><font dir=\"auto\" style=\"vertical-align: inherit;\"><font dir=\"auto\" style=\"vertical-align: inherit;\"><font dir=\"auto\" style=\"vertical-align: inherit;\"><font dir=\"auto\" style=\"vertical-align: inherit;\"><font dir=\"auto\" style=\"vertical-align: inherit;\"><font dir=\"auto\" style=\"vertical-align: inherit;\"><br><\/font><\/font><\/font><\/font><\/font><\/font><\/font><\/font><\/font><\/font><\/font><\/font><\/font><\/font><\/font><\/font><\/span><\/h5><h5><br><\/h5>\n\n\n\n\n\n\n\n\n\n\n\n<h2><br><\/h2><p><font dir=\"auto\"><font dir=\"auto\"><\/font><\/font><\/p><h3 style=\"text-align: justify;\"><font dir=\"auto\"><font dir=\"auto\"><font dir=\"auto\"><font dir=\"auto\"><font dir=\"auto\"><font dir=\"auto\"><font dir=\"auto\"><font dir=\"auto\"><font dir=\"auto\"><font dir=\"auto\"><font dir=\"auto\"><font dir=\"auto\"><font dir=\"auto\" style=\"vertical-align: inherit;\"><font dir=\"auto\" style=\"vertical-align: inherit;\"><font dir=\"auto\" style=\"vertical-align: inherit;\"><font dir=\"auto\" style=\"vertical-align: inherit;\"><font dir=\"auto\" style=\"vertical-align: inherit;\"><font dir=\"auto\" style=\"vertical-align: inherit;\"><font dir=\"auto\" style=\"vertical-align: inherit;\"><font dir=\"auto\" style=\"vertical-align: inherit;\"><font dir=\"auto\" style=\"vertical-align: inherit;\"><font dir=\"auto\" style=\"vertical-align: inherit;\"><font dir=\"auto\" style=\"vertical-align: inherit;\"><font dir=\"auto\" style=\"vertical-align: inherit;\"><font dir=\"auto\" style=\"vertical-align: inherit;\"><font dir=\"auto\" style=\"vertical-align: inherit;\">Impacto en el medio ambiente y la eficiencia.<\/font><\/font><\/font><\/font><\/font><\/font><\/font><\/font><\/font><\/font><\/font><\/font><\/font><\/font><\/font><\/font><\/font><\/font><\/font><\/font><\/font><\/font><\/font><\/font><\/font><\/font><\/h3><p style=\"text-align: justify;\"><font dir=\"auto\"><font dir=\"auto\"><font dir=\"auto\"><font dir=\"auto\"><font dir=\"auto\"><font dir=\"auto\"><font dir=\"auto\"><font dir=\"auto\"><font dir=\"auto\"><font dir=\"auto\"><font dir=\"auto\"><font dir=\"auto\"><font dir=\"auto\" style=\"vertical-align: inherit;\"><font dir=\"auto\" style=\"vertical-align: inherit; font-family: Arial, Helvetica, sans-serif;\"><br><\/font><\/font><\/font><\/font><\/font><\/font><\/font><\/font><\/font><\/font><\/font><\/font><\/font><\/font><\/p><h5 style=\"text-align: justify; \"><font dir=\"auto\"><font dir=\"auto\"><font dir=\"auto\" style=\"vertical-align: inherit;\"><font dir=\"auto\" style=\"vertical-align: inherit;\"><font dir=\"auto\" style=\"vertical-align: inherit;\"><font dir=\"auto\" style=\"vertical-align: inherit;\"><font dir=\"auto\" style=\"vertical-align: inherit;\"><font dir=\"auto\" style=\"vertical-align: inherit;\"><font dir=\"auto\" style=\"vertical-align: inherit;\"><font dir=\"auto\" style=\"vertical-align: inherit;\"><font dir=\"auto\" style=\"vertical-align: inherit;\"><font dir=\"auto\" style=\"vertical-align: inherit; font-weight: normal;\"><font dir=\"auto\" style=\"vertical-align: inherit;\"><font dir=\"auto\" style=\"vertical-align: inherit; font-family: Arial, Helvetica, sans-serif;\">El brazo rob\u00f3tico de Acciona fue parte del programa Construye Zero que Corfo desarroll\u00f3 para testear la impresi\u00f3n 3D y Eco Hormig\u00f3n como una tecnolog\u00eda de construcci\u00f3n sostenible y eficiente. Los resultados del proyecto piloto generaron una reducci\u00f3n en la producci\u00f3n de residuos del 75% en comparaci\u00f3n con m\u00e9todos tradicionales, una disminuci\u00f3n del 99% en el consumo energ\u00e9tico, un 97% en el uso de agua por metro c\u00fabico de concreto y tiempos de construcci\u00f3n 144% m\u00e1s r\u00e1pidos que los m\u00e9todos tradicionales.<\/font><\/font><\/font><\/font><\/font><\/font><\/font><\/font><\/font><\/font><\/font><\/font><\/font><\/font><\/h5>\n\n\n\n\n\n\n\n<p style=\"text-align: center;\"><font dir=\"auto\" style=\"vertical-align: inherit;\"><font dir=\"auto\" style=\"vertical-align: inherit;\">Fuente:&nbsp;<\/font><\/font><a href=\"https:\/\/portalinnova.cl\/chile-forma-a-sus-primeros-especialistas-en-impresion-3d-de-hormigon\/\"><font dir=\"auto\" style=\"vertical-align: inherit;\"><font dir=\"auto\" style=\"vertical-align: inherit;\">https:\/\/portalinnova.cl\/chile-forma-a-sus-primeros-especialistas-en-impresion-3d-de-hormigon\/<\/font><\/font><\/a><br><\/p>\n\n\n\n\n\n\n\n\n","protected":false},"excerpt":{"rendered":"","protected":false},"author":1,"featured_media":0,"parent":0,"menu_order":0,"comment_status":"closed","ping_status":"closed","template":"","meta":{"footnotes":""},"class_list":["post-1240","page","type-page","status-publish","hentry"],"_links":{"self":[{"href":"https:\/\/ltec.cl\/site\/wp-json\/wp\/v2\/pages\/1240","targetHints":{"allow":["GET"]}}],"collection":[{"href":"https:\/\/ltec.cl\/site\/wp-json\/wp\/v2\/pages"}],"about":[{"href":"https:\/\/ltec.cl\/site\/wp-json\/wp\/v2\/types\/page"}],"author":[{"embeddable":true,"href":"https:\/\/ltec.cl\/site\/wp-json\/wp\/v2\/users\/1"}],"replies":[{"embeddable":true,"href":"https:\/\/ltec.cl\/site\/wp-json\/wp\/v2\/comments?post=1240"}],"version-history":[{"count":20,"href":"https:\/\/ltec.cl\/site\/wp-json\/wp\/v2\/pages\/1240\/revisions"}],"predecessor-version":[{"id":1414,"href":"https:\/\/ltec.cl\/site\/wp-json\/wp\/v2\/pages\/1240\/revisions\/1414"}],"wp:attachment":[{"href":"https:\/\/ltec.cl\/site\/wp-json\/wp\/v2\/media?parent=1240"}],"curies":[{"name":"wp","href":"https:\/\/api.w.org\/{rel}","templated":true}]}}