{"id":1391,"date":"2026-04-02T15:52:35","date_gmt":"2026-04-02T19:52:35","guid":{"rendered":"https:\/\/ltec.cl\/site\/?page_id=1391"},"modified":"2026-04-02T16:39:19","modified_gmt":"2026-04-02T20:39:19","slug":"subsecretario-de-obras-publicas-revisa-avances-de-los-futuros-hospitales-de-la-serena-y-coquimbo","status":"publish","type":"page","link":"https:\/\/ltec.cl\/site\/en\/subsecretario-de-obras-publicas-revisa-avances-de-los-futuros-hospitales-de-la-serena-y-coquimbo\/","title":{"rendered":"Subsecretario de Obras P\u00fablicas revisa avances de los futuros hospitales de La Serena y Coquimbo"},"content":{"rendered":"<h2><font dir=\"auto\"><font dir=\"auto\"><font dir=\"auto\"><font dir=\"auto\"><font dir=\"auto\"><font dir=\"auto\">Subsecretario de Obras P\u00fablicas revisa avances de los futuros hospitales de La Serena y Coquimbo<\/font><\/font><\/font><\/font><\/font><\/font><\/h2>\n\n\n<h5 style=\"\"><span style=\"vertical-align: inherit; font-weight: normal; color: rgb(38, 38, 38);\">Con el objetivo de constatar en terreno el avance de dos de las obras de infraestructura hospitalaria m\u00e1s importantes de la regi\u00f3n de Coquimbo, el subsecretario de Obras P\u00fablicas, Nicol\u00e1s Balmaceda, junto a autoridades regionales, visitaron las faenas de construcci\u00f3n de los hospitales de La Serena y Coquimbo, llevados a cabo por la Direcci\u00f3n de Concesiones del MOP.<\/span><\/h5><span style=\"color: rgb(38, 38, 38);\"><br><br><\/span><p style=\"\"><span style=\"vertical-align: inherit; color: rgb(38, 38, 38);\">El proyecto del Hospital de La Serena, contempla la construcci\u00f3n y operaci\u00f3n de un recinto de alta complejidad con 671 camas, 15 pabellones quir\u00fargicos, 6 salas de parto integral y m\u00e1s de 80 boxes de atenci\u00f3n, destinado a beneficiar a una poblaci\u00f3n estimada de m\u00e1s de 720 mil personas de la provincia del Elqui. A la fecha, la iniciativa presenta un avance de un 17%.<\/span><\/p><p style=\"text-align: justify;\"><br><\/p>\n\n\n\n\n\n\n\n<h2><font dir=\"auto\"><font dir=\"auto\"><font dir=\"auto\"><font dir=\"auto\"><font dir=\"auto\"><font dir=\"auto\">Subsecretario de Obras P\u00fablicas revisa avances de los futuros hospitales de La Serena y Coquimbo<\/font><\/font><\/font><\/font><\/font><\/font><\/h2>\n\n\n<h5 style=\"text-align: justify; \"><font dir=\"auto\"><font dir=\"auto\"><font dir=\"auto\"><font dir=\"auto\"><font dir=\"auto\" style=\"vertical-align: inherit;\"><font dir=\"auto\" style=\"vertical-align: inherit; font-weight: normal; font-size: 16px; color: rgb(38, 38, 38); font-family: Verdana, Geneva, sans-serif;\">Con el objetivo de constatar en terreno el avance de dos de las obras de infraestructura hospitalaria m\u00e1s importantes de la regi\u00f3n de Coquimbo, el subsecretario de Obras P\u00fablicas, Nicol\u00e1s Balmaceda, junto a autoridades regionales, visitaron las faenas de construcci\u00f3n de los hospitales de La Serena y Coquimbo, llevados a cabo por la Direcci\u00f3n de Concesiones del MOP.<\/font><\/font><\/font><\/font><\/font><\/font><\/h5><p><font dir=\"auto\"><font dir=\"auto\"><font dir=\"auto\"><font dir=\"auto\"><font dir=\"auto\" style=\"vertical-align: inherit;\"><font dir=\"auto\" style=\"vertical-align: inherit; font-weight: normal; font-size: 16px; color: rgb(38, 38, 38);\"><br><\/font><\/font><\/font><\/font><\/font><\/font><\/p><p><span style=\"font-size: 16px; color: rgb(38, 38, 38);\">El proyecto del Hospital de La Serena, contempla la construcci\u00f3n y operaci\u00f3n de un recinto de alta complejidad con 671 camas, 15 pabellones quir\u00fargicos, 6 salas de parto integral y m\u00e1s de 80 boxes de atenci\u00f3n, destinado a beneficiar a una poblaci\u00f3n estimada de m\u00e1s de 720 mil personas de la provincia del Elqui. A la fecha, la iniciativa presenta un avance de un 17%.<\/span><\/p><p><font dir=\"auto\"><font dir=\"auto\"><font dir=\"auto\"><font dir=\"auto\"><font dir=\"auto\" style=\"vertical-align: inherit;\"><font dir=\"auto\" style=\"vertical-align: inherit;\"><font dir=\"auto\" style=\"vertical-align: inherit;\"><font dir=\"auto\" style=\"vertical-align: inherit; font-family: Verdana, Geneva, sans-serif;\"><\/font><\/font><\/font><\/font><\/font><\/font><\/font><\/font><\/p><p><font dir=\"auto\"><font dir=\"auto\"><font dir=\"auto\"><font dir=\"auto\"><strong><br><\/strong><\/font><\/font><\/font><\/font><\/p><p><font dir=\"auto\"><font dir=\"auto\"><font dir=\"auto\"><font dir=\"auto\"><strong><br><\/strong><\/font><\/font><\/font><\/font><\/p><p><font dir=\"auto\"><font dir=\"auto\"><strong><br><\/strong><\/font><\/font><\/p><p><font dir=\"auto\"><font dir=\"auto\"><br><\/font><\/font><\/p>\n\n\n\n\n\n\n\n\n\n\n\n\n\n\n<h3><span><span><font dir=\"auto\"><font dir=\"auto\"><font dir=\"auto\"><font dir=\"auto\"><font dir=\"auto\"><font dir=\"auto\"><font dir=\"auto\"><font dir=\"auto\"><font dir=\"auto\"><font dir=\"auto\"><font dir=\"auto\"><font dir=\"auto\"><font dir=\"auto\"><font dir=\"auto\"><\/font><\/font><\/font><\/font><\/font><\/font><\/font><\/font><\/font><\/font><\/font><\/font><\/font><\/font><\/span><\/span><\/h3><h5><font dir=\"auto\"><font dir=\"auto\"><font dir=\"auto\"><font dir=\"auto\"><font dir=\"auto\"><font dir=\"auto\"><font dir=\"auto\"><font dir=\"auto\"><font dir=\"auto\"><font dir=\"auto\"><font dir=\"auto\" style=\"vertical-align: inherit;\"><font dir=\"auto\" style=\"vertical-align: inherit;\"><font dir=\"auto\" style=\"vertical-align: inherit;\"><font dir=\"auto\" style=\"vertical-align: inherit;\"><font dir=\"auto\" style=\"vertical-align: inherit;\"><font dir=\"auto\" style=\"vertical-align: inherit;\"><font dir=\"auto\" style=\"vertical-align: inherit;\"><font dir=\"auto\" style=\"vertical-align: inherit;\"><font dir=\"auto\" style=\"vertical-align: inherit;\"><font dir=\"auto\" style=\"vertical-align: inherit; font-weight: normal;\">&nbsp;<\/font><\/font><\/font><\/font><\/font><\/font><\/font><\/font><\/font><\/font><\/font><\/font><\/font><\/font><\/font><\/font><\/font><\/font><\/font><\/font><\/h5><p style=\"text-align: justify; \"><span style=\"font-size: 16px; color: rgb(38, 38, 38);\">Sobre la visita a esta importante obra, el Subsecretario Balmaceda, se\u00f1al\u00f3 estar comprometido con la regi\u00f3n: \u201cEstamos visitando la regi\u00f3n de Coquimbo para mostrar nuestro compromiso con las obras que aqu\u00ed se est\u00e1n ejecutando. Y particularmente con esta obra, el Hospital de La Serena, que es una obra de salud, que es una de las \u00e1reas prioritarias para el ministerio.&nbsp;<\/span><\/p><span style=\"color: rgb(38, 38, 38);\"><br><\/span><p style=\"text-align: justify; \"><span style=\"font-size: 16px; color: rgb(38, 38, 38);\">Estamos acompa\u00f1ados por las autoridades\n regionales, est\u00e1 el Delegado Presidencial, V\u00edctor Pino; el senador \nSergio Gahona; el diputado Marco Sulantay; el Gobernador Crist\u00f3bal \nJuli\u00e1; las autoridades de salud tambi\u00e9n, y por lo tanto junto a todos \nellos, estamos trabajando mancomunadamente para que este proyecto pueda \nterminar tan pronto como sea posible, y darle la salud que merecen los \nhabitantes de la regi\u00f3n\u201d.<\/span><\/p><p><span style=\"font-size: 16px; font-family: Verdana, Geneva, sans-serif;\"><\/span><h5><font dir=\"auto\"><font dir=\"auto\"><font dir=\"auto\"><font dir=\"auto\"><font dir=\"auto\"><font dir=\"auto\"><font dir=\"auto\"><font dir=\"auto\"><font dir=\"auto\"><font dir=\"auto\"><font dir=\"auto\" style=\"vertical-align: inherit;\"><font dir=\"auto\" style=\"vertical-align: inherit;\"><font dir=\"auto\" style=\"vertical-align: inherit;\"><font dir=\"auto\" style=\"vertical-align: inherit;\"><font dir=\"auto\" style=\"vertical-align: inherit;\"><font dir=\"auto\" style=\"vertical-align: inherit;\"><font dir=\"auto\" style=\"vertical-align: inherit;\"><font dir=\"auto\" style=\"vertical-align: inherit;\"><font dir=\"auto\" style=\"vertical-align: inherit;\"><font dir=\"auto\" style=\"vertical-align: inherit; font-weight: normal;\"><\/font><\/font><\/font><\/font><\/font><\/font><\/font><\/font><\/font><\/font><\/font><\/font><\/font><\/font><\/font><\/font><\/font><\/font><\/font><\/font><\/h5><p><font dir=\"auto\"><font dir=\"auto\"><font dir=\"auto\"><font dir=\"auto\"><font dir=\"auto\"><font dir=\"auto\"><font dir=\"auto\"><font dir=\"auto\"><font dir=\"auto\"><font dir=\"auto\"><font dir=\"auto\"><font dir=\"auto\"><font dir=\"auto\"><font dir=\"auto\"><font dir=\"auto\"><font dir=\"auto\"><font dir=\"auto\"><font dir=\"auto\"><font dir=\"auto\"><font dir=\"auto\"><font dir=\"auto\"><font dir=\"auto\"><font dir=\"auto\"><font dir=\"auto\"><font dir=\"auto\"><font dir=\"auto\"><font dir=\"auto\"><font dir=\"auto\"><\/font><\/font><\/font><\/font><\/font><\/font><\/font><\/font><\/font><\/font><\/font><\/font><\/font><\/font><\/font><\/font><\/font><\/font><\/font><\/font><\/font><\/font><\/font><\/font><\/font><\/font><\/font><\/font><\/p><\/p>\n\n\n\n\n\n\n\n\n\n\n<h3><span><span><font dir=\"auto\"><font dir=\"auto\"><font dir=\"auto\"><font dir=\"auto\"><font dir=\"auto\"><font dir=\"auto\"><font dir=\"auto\"><font dir=\"auto\"><font dir=\"auto\"><font dir=\"auto\"><font dir=\"auto\"><font dir=\"auto\"><font dir=\"auto\"><font dir=\"auto\"><\/font><\/font><\/font><\/font><\/font><\/font><\/font><\/font><\/font><\/font><\/font><\/font><\/font><\/font><\/span><\/span><\/h3><h5><font dir=\"auto\"><font dir=\"auto\"><font dir=\"auto\"><font dir=\"auto\"><font dir=\"auto\"><font dir=\"auto\"><font dir=\"auto\"><font dir=\"auto\"><font dir=\"auto\"><font dir=\"auto\"><font dir=\"auto\" style=\"vertical-align: inherit;\"><font dir=\"auto\" style=\"vertical-align: inherit;\"><font dir=\"auto\" style=\"vertical-align: inherit;\"><font dir=\"auto\" style=\"vertical-align: inherit;\"><font dir=\"auto\" style=\"vertical-align: inherit;\"><font dir=\"auto\" style=\"vertical-align: inherit;\"><font dir=\"auto\" style=\"vertical-align: inherit;\"><font dir=\"auto\" style=\"vertical-align: inherit;\"><font dir=\"auto\" style=\"vertical-align: inherit;\"><font dir=\"auto\" style=\"vertical-align: inherit; font-weight: normal;\"><\/font><\/font><\/font><\/font><\/font><\/font><\/font><\/font><\/font><\/font><\/font><\/font><\/font><\/font><\/font><\/font><\/font><\/font><\/font><\/font><\/h5><p><span style=\"font-size: 16px;\"><p style=\"text-align: justify;\"><span style=\"background-color: transparent;\">&nbsp;<span style=\"font-family: Verdana, Geneva, sans-serif; color: rgb(38, 38, 38);\">Sobre la visita a esta importante obra, el Subsecretario Balmaceda, se\u00f1al\u00f3 estar comprometido con la regi\u00f3n: \u201cEstamos visitando la regi\u00f3n de Coquimbo para mostrar nuestro compromiso con las obras que aqu\u00ed se est\u00e1n ejecutando. Y particularmente con esta obra, el Hospital de La Serena, que es una obra de salud, que es una de las \u00e1reas prioritarias para el ministerio.&nbsp;<\/span><\/span><\/p><span style=\"background-color: transparent; font-family: Verdana, Geneva, sans-serif; color: rgb(38, 38, 38);\"><br><\/span><p style=\"text-align: justify;\"><span style=\"background-color: transparent; font-family: Verdana, Geneva, sans-serif; color: rgb(38, 38, 38);\">Estamos acompa\u00f1ados por las autoridades\n regionales, est\u00e1 el Delegado Presidencial, V\u00edctor Pino; el senador \nSergio Gahona; el diputado Marco Sulantay; el Gobernador Crist\u00f3bal \nJuli\u00e1; las autoridades de salud tambi\u00e9n, y por lo tanto junto a todos \nellos, estamos trabajando mancomunadamente para que este proyecto pueda \nterminar tan pronto como sea posible, y darle la salud que merecen los \nhabitantes de la regi\u00f3n\u201d.<\/span><\/p><\/span><\/p><h5><font dir=\"auto\"><font dir=\"auto\"><font dir=\"auto\"><font dir=\"auto\"><font dir=\"auto\"><font dir=\"auto\"><font dir=\"auto\"><font dir=\"auto\"><font dir=\"auto\"><font dir=\"auto\"><font dir=\"auto\" style=\"vertical-align: inherit;\"><font dir=\"auto\" style=\"vertical-align: inherit;\"><font dir=\"auto\" style=\"vertical-align: inherit;\"><font dir=\"auto\" style=\"vertical-align: inherit;\"><font dir=\"auto\" style=\"vertical-align: inherit;\"><font dir=\"auto\" style=\"vertical-align: inherit;\"><font dir=\"auto\" style=\"vertical-align: inherit;\"><font dir=\"auto\" style=\"vertical-align: inherit;\"><font dir=\"auto\" style=\"vertical-align: inherit;\"><font dir=\"auto\" style=\"vertical-align: inherit; font-weight: normal;\"><\/font><\/font><\/font><\/font><\/font><\/font><\/font><\/font><\/font><\/font><\/font><\/font><\/font><\/font><\/font><\/font><\/font><\/font><\/font><\/font><\/h5><p><font dir=\"auto\"><font dir=\"auto\"><font dir=\"auto\"><font dir=\"auto\"><font dir=\"auto\"><font dir=\"auto\"><font dir=\"auto\"><font dir=\"auto\"><font dir=\"auto\"><font dir=\"auto\"><font dir=\"auto\"><font dir=\"auto\"><font dir=\"auto\"><font dir=\"auto\"><font dir=\"auto\"><font dir=\"auto\"><font dir=\"auto\"><font dir=\"auto\"><font dir=\"auto\"><font dir=\"auto\"><font dir=\"auto\"><font dir=\"auto\"><font dir=\"auto\"><font dir=\"auto\"><font dir=\"auto\"><font dir=\"auto\"><font dir=\"auto\"><font dir=\"auto\"><\/font><\/font><\/font><\/font><\/font><\/font><\/font><\/font><\/font><\/font><\/font><\/font><\/font><\/font><\/font><\/font><\/font><\/font><\/font><\/font><\/font><\/font><\/font><\/font><\/font><\/font><\/font><\/font><\/p>\n\n\n\n\n\n\n<h3 style=\"text-align: justify;\"><strong><font dir=\"auto\"><font dir=\"auto\"><font dir=\"auto\"><font dir=\"auto\"><font dir=\"auto\"><font dir=\"auto\"><font dir=\"auto\"><font dir=\"auto\"><font dir=\"auto\"><font dir=\"auto\"><font dir=\"auto\"><font dir=\"auto\"><font dir=\"auto\"><font dir=\"auto\"><font dir=\"auto\"><font dir=\"auto\"><font dir=\"auto\"><font dir=\"auto\"><font dir=\"auto\" style=\"vertical-align: inherit;\"><font dir=\"auto\" style=\"vertical-align: inherit;\">Obras concesionadas en la regi\u00f3n<\/font><\/font><\/font><\/font><\/font><\/font><\/font><\/font><\/font><\/font><\/font><\/font><\/font><\/font><\/font><\/font><\/font><\/font><\/font><\/font><\/strong><\/h3><p style=\"text-align: justify;\"><strong><font dir=\"auto\"><font dir=\"auto\"><font dir=\"auto\"><font dir=\"auto\" style=\"font-family: Verdana, Geneva, sans-serif; color: rgb(38, 38, 38);\"><br><\/font><\/font><\/font><\/font><\/strong><\/p><p><font dir=\"auto\"><font dir=\"auto\"><font dir=\"auto\"><font dir=\"auto\"><font dir=\"auto\" style=\"vertical-align: inherit;\"><font dir=\"auto\" style=\"vertical-align: inherit; font-family: Verdana, Geneva, sans-serif; color: rgb(38, 38, 38);\"><\/font><\/font><\/font><\/font><\/font><\/font><\/p><p style=\"text-align: justify;\"><span style=\"font-size: 16px; font-family: Verdana, Geneva, sans-serif; color: rgb(38, 38, 38);\">Durante la visita, el Subsecretario Nicol\u00e1s Balmaceda tambi\u00e9n pudo inspeccionar otras obras realizadas por la Direcci\u00f3n de Concesiones que son de gran relevancia para la regi\u00f3n, como el avance del Enlace Panor\u00e1mico, las obras de ampliaci\u00f3n del Aeropuerto La Florida y el terreno donde se emplazar\u00e1 la desaladora regional.<\/span><\/p><span style=\"font-family: Verdana, Geneva, sans-serif; color: rgb(38, 38, 38);\"><br><\/span><p><p style=\"text-align: justify;\"><span style=\"font-size: 16px; background-color: transparent;\"><span style=\"font-family: Verdana, Geneva, sans-serif; color: rgb(38, 38, 38);\">Una de ellas fueron las obras del enlace Panor\u00e1mica en la Ruta 5, iniciativa clave para mejorar la conectividad y seguridad vial en la conurbaci\u00f3n La Serena\u2013Coquimbo, que permitir\u00e1 optimizar los flujos vehiculares en uno de los principales ejes de acceso a la zona urbana. Tambi\u00e9n visit\u00f3 las obras de ampliaci\u00f3n del Aeropuerto La Florida de La Serena<\/span><span style=\"color: rgb(38, 38, 38);\">,<\/span><\/span><\/p><p><strong><strong>\n<\/strong><\/strong><strong><font dir=\"auto\"><font dir=\"auto\"><br><\/font><\/font><\/strong><\/p><\/p>\n\n\n\n\n\n\n\n\n\n\n\n\n\n<h3 style=\"text-align: justify;\"><strong><font dir=\"auto\"><font dir=\"auto\"><font dir=\"auto\"><font dir=\"auto\"><font dir=\"auto\"><font dir=\"auto\"><font dir=\"auto\"><font dir=\"auto\"><font dir=\"auto\"><font dir=\"auto\"><font dir=\"auto\"><font dir=\"auto\"><font dir=\"auto\"><font dir=\"auto\"><font dir=\"auto\"><font dir=\"auto\"><font dir=\"auto\"><font dir=\"auto\"><font dir=\"auto\" style=\"vertical-align: inherit;\"><font dir=\"auto\" style=\"vertical-align: inherit;\">Obras concesionadas en la regi\u00f3n<\/font><\/font><\/font><\/font><\/font><\/font><\/font><\/font><\/font><\/font><\/font><\/font><\/font><\/font><\/font><\/font><\/font><\/font><\/font><\/font><\/strong><\/h3><p style=\"text-align: justify;\"><strong><font dir=\"auto\"><font dir=\"auto\"><font dir=\"auto\"><font dir=\"auto\" style=\"color: rgb(38, 38, 38);\"><br><\/font><\/font><\/font><\/font><\/strong><\/p><p><font dir=\"auto\"><font dir=\"auto\"><font dir=\"auto\"><font dir=\"auto\"><font dir=\"auto\" style=\"vertical-align: inherit;\"><font dir=\"auto\" style=\"vertical-align: inherit; color: rgb(38, 38, 38);\"><\/font><\/font><\/font><\/font><\/font><\/font><\/p><p style=\"text-align: justify; \"><span style=\"font-size: 16px; font-family: Verdana, Geneva, sans-serif; color: rgb(38, 38, 38);\">Durante la visita, el Subsecretario Nicol\u00e1s Balmaceda tambi\u00e9n pudo inspeccionar otras obras realizadas por la Direcci\u00f3n de Concesiones que son de gran relevancia para la regi\u00f3n, como el avance del Enlace Panor\u00e1mico, las obras de ampliaci\u00f3n del Aeropuerto La Florida y el terreno donde se emplazar\u00e1 la desaladora regional.<\/span><\/p><span style=\"font-size: 16px; font-family: Verdana, Geneva, sans-serif; color: rgb(38, 38, 38);\"><br><\/span><p style=\"text-align: justify; \"><span style=\"font-size: 16px; font-family: Verdana, Geneva, sans-serif; color: rgb(38, 38, 38);\">Una de ellas fueron las obras del enlace Panor\u00e1mica en la Ruta 5, iniciativa clave para mejorar la conectividad y seguridad vial en la conurbaci\u00f3n La Serena\u2013Coquimbo, que permitir\u00e1 optimizar los flujos vehiculares en uno de los principales ejes de acceso a la zona urbana. Tambi\u00e9n visit\u00f3 las obras de ampliaci\u00f3n del Aeropuerto La Florida de La Serena,<\/span><\/p><p><strong><strong>\n<\/strong><\/strong><strong><font dir=\"auto\"><font dir=\"auto\"><br><\/font><\/font><\/strong><\/p>\n\n\n\n\n\n\n\n\n<p><font dir=\"auto\" style=\"vertical-align: inherit;\"><font dir=\"auto\" style=\"vertical-align: inherit;\"><\/font><\/font><\/p><p style=\"text-align: justify; \"><span style=\"font-size: 16px; font-family: Verdana, Geneva, sans-serif; color: rgb(38, 38, 38);\">Proyecto concesionado que considera la expansi\u00f3n del terminal de pasajeros, nuevas instalaciones aeron\u00e1uticas y mejoras en accesos y servicios, con el objetivo de fortalecer la conectividad a\u00e9rea regional y los est\u00e1ndares de atenci\u00f3n para pasajeros nacionales y, potencialmente, internacionales.<\/span><\/p><span style=\"font-size: 16px; font-family: Verdana, Geneva, sans-serif; color: rgb(38, 38, 38);\"><br><\/span><p style=\"text-align: justify; \"><span style=\"font-size: 16px; font-family: Verdana, Geneva, sans-serif; color: rgb(38, 38, 38);\">Finalmente, la autoridad se traslad\u00f3 al sector del Panul, en la comuna de Coquimbo, para conocer el terreno donde se emplazar\u00e1 la futura planta desaladora para la Regi\u00f3n de Coquimbo, proyecto estructural que permitir\u00e1 reforzar el abastecimiento de agua potable para las comunas de Coquimbo y La Serena, contribuyendo a la seguridad h\u00eddrica de la regi\u00f3n.<\/span><\/p><span style=\"font-size: 16px; font-family: Verdana, Geneva, sans-serif; color: rgb(38, 38, 38);\"><br><\/span><p style=\"text-align: justify; \"><span style=\"font-size: 16px; font-family: Verdana, Geneva, sans-serif; color: rgb(38, 38, 38);\">El subsecretario Balmaceda estuvo acompa\u00f1ado durante toda la gira por el nuevo seremi del MOP para la regi\u00f3n de Coquimbo, Cristi\u00e1n Smitmans.\n\n\n<\/span><\/p><br>\n\n\n\n\n\n\n\n\n\n\n\n<p><font dir=\"auto\" style=\"vertical-align: inherit;\"><font dir=\"auto\" style=\"vertical-align: inherit;\"><font dir=\"auto\" style=\"vertical-align: inherit;\"><font dir=\"auto\" style=\"vertical-align: inherit;\"><font dir=\"auto\" style=\"vertical-align: inherit;\"><font dir=\"auto\" style=\"vertical-align: inherit;\">&nbsp; &nbsp; &nbsp; &nbsp; Fuente: https:\/\/www.mop.gob.cl\/subsecretario-de-obras-publicas-revisa-avances-de-los-futuros-hospitales-de-la-serena-y-coquimbo\/<\/font><\/font><\/font><\/font><\/font><\/font><br><\/p>","protected":false},"excerpt":{"rendered":"","protected":false},"author":1,"featured_media":0,"parent":0,"menu_order":0,"comment_status":"closed","ping_status":"closed","template":"","meta":{"footnotes":""},"class_list":["post-1391","page","type-page","status-publish","hentry"],"_links":{"self":[{"href":"https:\/\/ltec.cl\/site\/en\/wp-json\/wp\/v2\/pages\/1391","targetHints":{"allow":["GET"]}}],"collection":[{"href":"https:\/\/ltec.cl\/site\/en\/wp-json\/wp\/v2\/pages"}],"about":[{"href":"https:\/\/ltec.cl\/site\/en\/wp-json\/wp\/v2\/types\/page"}],"author":[{"embeddable":true,"href":"https:\/\/ltec.cl\/site\/en\/wp-json\/wp\/v2\/users\/1"}],"replies":[{"embeddable":true,"href":"https:\/\/ltec.cl\/site\/en\/wp-json\/wp\/v2\/comments?post=1391"}],"version-history":[{"count":5,"href":"https:\/\/ltec.cl\/site\/en\/wp-json\/wp\/v2\/pages\/1391\/revisions"}],"predecessor-version":[{"id":1413,"href":"https:\/\/ltec.cl\/site\/en\/wp-json\/wp\/v2\/pages\/1391\/revisions\/1413"}],"wp:attachment":[{"href":"https:\/\/ltec.cl\/site\/en\/wp-json\/wp\/v2\/media?parent=1391"}],"curies":[{"name":"wp","href":"https:\/\/api.w.org\/{rel}","templated":true}]}}