{"id":1253,"date":"2026-01-08T14:52:41","date_gmt":"2026-01-08T18:52:41","guid":{"rendered":"https:\/\/ltec.cl\/site\/?page_id=1253"},"modified":"2026-01-09T15:06:44","modified_gmt":"2026-01-09T19:06:44","slug":"seremi-del-medio-ambiente-y-mop-ohiggins-suscriben-convenio-para-avanzar-en-infraestructura-sostenible","status":"publish","type":"page","link":"https:\/\/ltec.cl\/site\/en\/seremi-del-medio-ambiente-y-mop-ohiggins-suscriben-convenio-para-avanzar-en-infraestructura-sostenible\/","title":{"rendered":"Seremi del Medio Ambiente y MOP O\u2019Higgins suscriben convenio para avanzar en infraestructura sostenible"},"content":{"rendered":"<h2><font dir=\"auto\" style=\"vertical-align: inherit;\"><font dir=\"auto\" style=\"vertical-align: inherit;\">Seremi del Medio Ambiente y MOP O&#8217;Higgins suscriben convenio para avanzar en infraestructura sostenible<\/font><\/font><\/h2>\n\n\n\n<span><font dir=\"auto\"><font dir=\"auto\"><font dir=\"auto\"><font dir=\"auto\"><br><\/font><\/font><\/font><\/font><\/span><h5><span style=\"font-weight: normal;\"><span><font dir=\"auto\"><font dir=\"auto\"><font dir=\"auto\"><font dir=\"auto\"><font dir=\"auto\"><font dir=\"auto\"><font dir=\"auto\" style=\"vertical-align: inherit;\"><font dir=\"auto\" style=\"vertical-align: inherit;\"><font dir=\"auto\" style=\"vertical-align: inherit;\"><font dir=\"auto\" style=\"vertical-align: inherit;\"><font dir=\"auto\" style=\"vertical-align: inherit;\"><font dir=\"auto\" style=\"vertical-align: inherit;\">La Regi\u00f3n de O&#8217;Higgins dio un paso relevante hacia una planificaci\u00f3n territorial m\u00e1s sostenible, tras la firma de un convenio de colaboraci\u00f3n entre la Secretar\u00eda Regional Ministerial de Obras P\u00fablicas, a trav\u00e9s de su Direcci\u00f3n Regional de Planeamiento, y la Secretar\u00eda Regional Ministerial del Medio Ambiente, iniciativa que busca fortalecer la compatibilidad entre el desarrollo de infraestructura p\u00fablica y la matriz ambiental del territorio.<\/font><\/font><\/font><\/font><\/font><\/font><\/font><\/font><\/font><\/font><\/font><\/font><\/span><font dir=\"auto\" style=\"vertical-align: inherit;\"><span><font dir=\"auto\"><font dir=\"auto\"><font dir=\"auto\"><font dir=\"auto\"><font dir=\"auto\" style=\"vertical-align: inherit;\"><font dir=\"auto\" style=\"vertical-align: inherit;\"><font dir=\"auto\" style=\"vertical-align: inherit;\"><font dir=\"auto\" style=\"vertical-align: inherit;\"><font dir=\"auto\" style=\"vertical-align: inherit;\">&nbsp;<\/font><\/font><\/font><\/font><\/font><\/font><\/font><\/font><\/font><\/span><\/font><\/span><\/h5><div><span style=\"font-weight: normal;\"><font dir=\"auto\" style=\"vertical-align: inherit;\"><span><font dir=\"auto\"><font dir=\"auto\"><font dir=\"auto\"><font dir=\"auto\"><font dir=\"auto\" style=\"vertical-align: inherit;\"><font dir=\"auto\" style=\"vertical-align: inherit;\"><font dir=\"auto\" style=\"vertical-align: inherit;\"><font dir=\"auto\" style=\"vertical-align: inherit;\"><font dir=\"auto\" style=\"vertical-align: inherit;\"><br><\/font><\/font><\/font><\/font><\/font><\/font><\/font><\/font><\/font><\/span><\/font><\/span><\/div><h5><span style=\"font-weight: normal;\"><font dir=\"auto\" style=\"vertical-align: inherit;\"><span><font dir=\"auto\"><font dir=\"auto\"><font dir=\"auto\"><font dir=\"auto\"><font dir=\"auto\" style=\"vertical-align: inherit;\"><font dir=\"auto\" style=\"vertical-align: inherit;\"><font dir=\"auto\" style=\"vertical-align: inherit;\"><font dir=\"auto\" style=\"vertical-align: inherit;\"><font dir=\"auto\" style=\"vertical-align: inherit;\">El convenio promueve un enfoque sist\u00e9mico en la planificaci\u00f3n de obras, considerando tanto los componentes bi\u00f3ticos como abi\u00f3ticos del entorno, e impulsando la incorporaci\u00f3n de Soluciones Basadas en la Naturaleza (SbN) como una herramienta clave para enfrentar los efectos del cambio clim\u00e1tico y los riesgos de desastres.<\/font><\/font><\/font><\/font><\/font><\/font><\/font><\/font><\/font><\/span><\/font><\/span><\/h5><h3><span><font dir=\"auto\"><font dir=\"auto\"><font dir=\"auto\"><font dir=\"auto\"><font dir=\"auto\" style=\"vertical-align: inherit;\"><\/font><\/font><\/font><\/font><\/font><\/span><\/h3>\n\n\n\n\n\n\n\n\n\n\n\n<span><font dir=\"auto\"><font dir=\"auto\"><font dir=\"auto\"><font dir=\"auto\"><br><\/font><\/font><\/font><\/font><\/span><h5><span style=\"font-weight: normal; font-family: Arial, Helvetica, sans-serif;\"><font dir=\"auto\" style=\"\"><font dir=\"auto\" style=\"\"><font dir=\"auto\" style=\"\"><font dir=\"auto\" style=\"\"><font dir=\"auto\" style=\"\"><font dir=\"auto\" style=\"\"><font dir=\"auto\" style=\"vertical-align: inherit;\"><font dir=\"auto\" style=\"vertical-align: inherit;\"><font dir=\"auto\" style=\"vertical-align: inherit;\"><font dir=\"auto\" style=\"vertical-align: inherit;\"><font dir=\"auto\" style=\"vertical-align: inherit;\"><font dir=\"auto\" style=\"vertical-align: inherit;\">La Regi\u00f3n de O&#8217;Higgins dio un paso relevante hacia una planificaci\u00f3n territorial m\u00e1s sostenible, tras la firma de un convenio de colaboraci\u00f3n entre la Secretar\u00eda Regional Ministerial de Obras P\u00fablicas, a trav\u00e9s de su Direcci\u00f3n Regional de Planeamiento, y la Secretar\u00eda Regional Ministerial del Medio Ambiente, iniciativa que busca fortalecer la compatibilidad entre el desarrollo de infraestructura p\u00fablica y la matriz ambiental del territorio.<\/font><\/font><\/font><\/font><\/font><\/font><\/font><\/font><\/font><\/font><\/font><\/font><font dir=\"auto\" style=\"vertical-align: inherit;\"><span><font dir=\"auto\"><font dir=\"auto\"><font dir=\"auto\"><font dir=\"auto\"><font dir=\"auto\" style=\"vertical-align: inherit;\"><font dir=\"auto\" style=\"vertical-align: inherit;\"><font dir=\"auto\" style=\"vertical-align: inherit;\"><font dir=\"auto\" style=\"vertical-align: inherit;\"><font dir=\"auto\" style=\"vertical-align: inherit;\">&nbsp;<\/font><\/font><\/font><\/font><\/font><\/font><\/font><\/font><\/font><\/span><\/font><\/span><\/h5><span style=\"font-weight: normal; font-family: Arial, Helvetica, sans-serif;\"><font dir=\"auto\" style=\"vertical-align: inherit;\"><font dir=\"auto\"><font dir=\"auto\"><font dir=\"auto\"><font dir=\"auto\"><font dir=\"auto\" style=\"vertical-align: inherit;\"><font dir=\"auto\" style=\"vertical-align: inherit;\"><font dir=\"auto\" style=\"vertical-align: inherit;\"><font dir=\"auto\" style=\"vertical-align: inherit;\"><font dir=\"auto\" style=\"vertical-align: inherit;\"><br><\/font><\/font><\/font><\/font><\/font><\/font><\/font><\/font><\/font><\/font><\/span><h5><span style=\"font-weight: normal; font-family: Arial, Helvetica, sans-serif;\"><font dir=\"auto\" style=\"vertical-align: inherit;\"><font dir=\"auto\" style=\"\"><font dir=\"auto\" style=\"\"><font dir=\"auto\" style=\"\"><font dir=\"auto\" style=\"\"><font dir=\"auto\" style=\"vertical-align: inherit;\"><font dir=\"auto\" style=\"vertical-align: inherit;\"><font dir=\"auto\" style=\"vertical-align: inherit;\"><font dir=\"auto\" style=\"vertical-align: inherit;\"><font dir=\"auto\" style=\"vertical-align: inherit;\">El convenio promueve un enfoque sist\u00e9mico en la planificaci\u00f3n de obras, considerando tanto los componentes bi\u00f3ticos como abi\u00f3ticos del entorno, e impulsando la incorporaci\u00f3n de Soluciones Basadas en la Naturaleza (SbN) como una herramienta clave para enfrentar los efectos del cambio clim\u00e1tico y los riesgos de desastres.<\/font><\/font><\/font><\/font><\/font><\/font><\/font><\/font><\/font><\/font><\/span><\/h5><h3><span><font dir=\"auto\"><font dir=\"auto\"><font dir=\"auto\"><font dir=\"auto\"><font dir=\"auto\" style=\"vertical-align: inherit;\"><\/font><\/font><\/font><\/font><\/font><\/span><\/h3>\n\n\n\n\n\n\n<h4><span><font dir=\"auto\"><font dir=\"auto\"><font dir=\"auto\"><font dir=\"auto\"><font dir=\"auto\"><font dir=\"auto\"><font dir=\"auto\" style=\"vertical-align: inherit;\"><font dir=\"auto\" style=\"vertical-align: inherit;\"><font dir=\"auto\" style=\"vertical-align: inherit;\"><font dir=\"auto\" style=\"vertical-align: inherit;\"><font dir=\"auto\" style=\"vertical-align: inherit;\"><font dir=\"auto\" style=\"vertical-align: inherit;\"><font dir=\"auto\" style=\"vertical-align: inherit;\"><font dir=\"auto\" style=\"vertical-align: inherit;\"><font dir=\"auto\" style=\"vertical-align: inherit;\"><font dir=\"auto\" style=\"vertical-align: inherit;\"><font dir=\"auto\" style=\"vertical-align: inherit;\"><font dir=\"auto\" style=\"vertical-align: inherit;\"><font dir=\"auto\" style=\"vertical-align: inherit;\"><font dir=\"auto\" style=\"vertical-align: inherit;\">Entre los principales alcances del acuerdo se encuentra:<\/font><\/font><\/font><\/font><\/font><\/font><\/font><\/font><\/font><\/font><\/font><\/font><\/font><\/font><\/font><\/font><\/font><\/font><\/font><\/font><\/span><\/h4><span><font dir=\"auto\"><font dir=\"auto\"><font dir=\"auto\"><font dir=\"auto\"><font dir=\"auto\"><font dir=\"auto\"><font dir=\"auto\" style=\"vertical-align: inherit;\"><font dir=\"auto\" style=\"vertical-align: inherit;\"><br><\/font><\/font><\/font><\/font><\/font><\/font><\/font><\/font><\/span><h5><span><font dir=\"auto\"><font dir=\"auto\"><font dir=\"auto\"><font dir=\"auto\"><font dir=\"auto\"><font dir=\"auto\"><font dir=\"auto\" style=\"vertical-align: inherit;\"><font dir=\"auto\" style=\"vertical-align: inherit;\"><font dir=\"auto\" style=\"vertical-align: inherit;\"><font dir=\"auto\" style=\"vertical-align: inherit;\"><font dir=\"auto\" style=\"vertical-align: inherit;\"><font dir=\"auto\" style=\"vertical-align: inherit;\"><font dir=\"auto\" style=\"vertical-align: inherit;\"><font dir=\"auto\" style=\"vertical-align: inherit;\"><font dir=\"auto\" style=\"vertical-align: inherit;\"><font dir=\"auto\" style=\"vertical-align: inherit;\"><font dir=\"auto\" style=\"vertical-align: inherit;\"><font dir=\"auto\" style=\"vertical-align: inherit;\">1.&nbsp;<\/font><\/font><\/font><\/font><\/font><\/font><\/font><\/font><\/font><\/font><span style=\"font-weight: normal;\"><font dir=\"auto\" style=\"vertical-align: inherit;\"><font dir=\"auto\" style=\"vertical-align: inherit;\"><font dir=\"auto\" style=\"vertical-align: inherit;\"><font dir=\"auto\" style=\"vertical-align: inherit;\"><font dir=\"auto\" style=\"vertical-align: inherit;\"><font dir=\"auto\" style=\"vertical-align: inherit;\"><font dir=\"auto\" style=\"vertical-align: inherit;\"><font dir=\"auto\" style=\"vertical-align: inherit;\"><font dir=\"auto\" style=\"vertical-align: inherit;\"><font dir=\"auto\" style=\"vertical-align: inherit;\">La identificaci\u00f3n de los cambios territoriales asociados al desarrollo de infraestructura p\u00fablica.<\/font><\/font><\/font><\/font><\/font><\/font><\/font><\/font><\/font><\/font><\/span><\/font><\/font><\/font><\/font><\/font><\/font><\/font><\/font><\/span><\/h5><h5><span style=\"font-weight: normal;\"><span><font dir=\"auto\"><font dir=\"auto\"><font dir=\"auto\"><font dir=\"auto\"><font dir=\"auto\"><font dir=\"auto\"><br><\/font><\/font><\/font><\/font><\/font><\/font><\/span><span><font dir=\"auto\"><font dir=\"auto\"><font dir=\"auto\"><font dir=\"auto\"><br><\/font><\/font><\/font><\/font><\/span><\/span><\/h5><h5><font dir=\"auto\" style=\"\"><font dir=\"auto\" style=\"\"><font dir=\"auto\" style=\"\"><font dir=\"auto\" style=\"\"><font dir=\"auto\" style=\"\"><font dir=\"auto\" style=\"\"><font dir=\"auto\" style=\"vertical-align: inherit;\"><font dir=\"auto\" style=\"vertical-align: inherit;\"><font dir=\"auto\" style=\"vertical-align: inherit;\"><font dir=\"auto\" style=\"vertical-align: inherit;\"><font dir=\"auto\" style=\"vertical-align: inherit;\"><font dir=\"auto\" style=\"vertical-align: inherit;\"><font dir=\"auto\" style=\"vertical-align: inherit;\"><font dir=\"auto\" style=\"vertical-align: inherit;\"><font dir=\"auto\" style=\"vertical-align: inherit;\"><font dir=\"auto\" style=\"vertical-align: inherit;\"><font dir=\"auto\" style=\"vertical-align: inherit;\"><font dir=\"auto\" style=\"vertical-align: inherit;\">2. <span style=\"font-weight: normal;\">La elaboraci\u00f3n de una matriz de buenas pr\u00e1cticas para la intervenci\u00f3n de ecosistemas.<\/span><\/font><\/font><\/font><\/font><\/font><\/font><\/font><\/font><\/font><\/font><\/font><\/font><\/font><\/font><\/font><\/font><\/font><\/font><\/h5><span style=\"font-weight: normal;\"><font dir=\"auto\"><font dir=\"auto\"><font dir=\"auto\"><font dir=\"auto\"><font dir=\"auto\"><font dir=\"auto\"><font dir=\"auto\" style=\"vertical-align: inherit;\"><font dir=\"auto\" style=\"vertical-align: inherit;\"><font dir=\"auto\" style=\"vertical-align: inherit;\"><font dir=\"auto\" style=\"vertical-align: inherit;\"><font dir=\"auto\" style=\"vertical-align: inherit;\"><font dir=\"auto\" style=\"vertical-align: inherit;\"><font dir=\"auto\" style=\"vertical-align: inherit;\"><font dir=\"auto\" style=\"vertical-align: inherit;\"><br><\/font><\/font><\/font><\/font><\/font><\/font><\/font><\/font><\/font><\/font><\/font><\/font><\/font><\/font><\/span><h5><font dir=\"auto\" style=\"vertical-align: inherit;\"><font dir=\"auto\" style=\"vertical-align: inherit;\"><font dir=\"auto\" style=\"vertical-align: inherit;\"><font dir=\"auto\" style=\"vertical-align: inherit;\"><font dir=\"auto\" style=\"vertical-align: inherit;\"><font dir=\"auto\" style=\"vertical-align: inherit;\">3.<span style=\"font-weight: normal;\"> La formulaci\u00f3n de recomendaciones t\u00e9cnicas que permitan integrar infraestructura ecol\u00f3gica en proyectos del MOP, con \u00e9nfasis en la protecci\u00f3n del territorio y las comunidades.<\/span><\/font><\/font><\/font><\/font><\/font><\/font><\/h5>\n\n\n\n\n\n\n\n\n\n\n\n\n\n\n\n<p style=\"border: 0px; font-family: system-ui, -apple-system, &quot;Segoe UI&quot;, Roboto, &quot;Helvetica Neue&quot;, Arial, &quot;Noto Sans&quot;, &quot;Liberation Sans&quot;, sans-serif, &quot;Apple Color Emoji&quot;, &quot;Segoe UI Emoji&quot;, &quot;Segoe UI Symbol&quot;, &quot;Noto Color Emoji&quot;; font-size: 16px; margin: 1em 0px; outline: 0px; padding: 0px; vertical-align: baseline; color: rgb(51, 51, 51);\"><span style=\"border: 0px; font-family: inherit; font-style: inherit; font-weight: bolder; margin: 0px; outline: 0px; padding: 0px; vertical-align: baseline;\"><font dir=\"auto\" style=\"vertical-align: inherit;\"><font dir=\"auto\" style=\"vertical-align: inherit;\">Alcance del convenio<\/font><\/font><\/span><\/p><p style=\"border: 0px; font-family: system-ui, -apple-system, &quot;Segoe UI&quot;, Roboto, &quot;Helvetica Neue&quot;, Arial, &quot;Noto Sans&quot;, &quot;Liberation Sans&quot;, sans-serif, &quot;Apple Color Emoji&quot;, &quot;Segoe UI Emoji&quot;, &quot;Segoe UI Symbol&quot;, &quot;Noto Color Emoji&quot;; font-size: 16px; margin: 1em 0px; outline: 0px; padding: 0px; vertical-align: baseline; color: rgb(51, 51, 51);\"><font dir=\"auto\" style=\"vertical-align: inherit;\"><font dir=\"auto\" style=\"vertical-align: inherit;\">En el marco de colaboraci\u00f3n esta, la Direcci\u00f3n de Planeamiento del MOP O&#8217;Higgins aportar\u00e1 informaci\u00f3n geoespacial vinculada a proyectos e instrumentos de inversi\u00f3n, adem\u00e1s de integrar una mirada preventiva en la gesti\u00f3n del riesgo clim\u00e1tico. La SEREMIA del Medio Ambiente, en tanto, entregar\u00e1 informaci\u00f3n ambiental actualizada sobre ecosistemas, biodiversidad, humedales y \u00e1reas de valor ecol\u00f3gico, junto con apoyo metodol\u00f3gico en materias de servicios ecosist\u00e9micos y gesti\u00f3n ambiental.<\/font><\/font><\/p><p style=\"border: 0px; font-family: system-ui, -apple-system, &quot;Segoe UI&quot;, Roboto, &quot;Helvetica Neue&quot;, Arial, &quot;Noto Sans&quot;, &quot;Liberation Sans&quot;, sans-serif, &quot;Apple Color Emoji&quot;, &quot;Segoe UI Emoji&quot;, &quot;Segoe UI Symbol&quot;, &quot;Noto Color Emoji&quot;; font-size: 16px; margin: 1em 0px; outline: 0px; padding: 0px; vertical-align: baseline; color: rgb(51, 51, 51);\"><font dir=\"auto\" style=\"vertical-align: inherit;\"><font dir=\"auto\" style=\"vertical-align: inherit;\">El convenio tendr\u00e1 una vigencia de cuatro a\u00f1os, no contempla transferencia de recursos entre las partes y considera una evaluaci\u00f3n conjunta a los dos a\u00f1os de su entrada en vigencia, con el objetivo de revisar avances, resultados y definir su continuidad.<\/font><\/font><\/p><p style=\"border: 0px; font-family: system-ui, -apple-system, &quot;Segoe UI&quot;, Roboto, &quot;Helvetica Neue&quot;, Arial, &quot;Noto Sans&quot;, &quot;Liberation Sans&quot;, sans-serif, &quot;Apple Color Emoji&quot;, &quot;Segoe UI Emoji&quot;, &quot;Segoe UI Symbol&quot;, &quot;Noto Color Emoji&quot;; font-size: 16px; margin: 1em 0px; outline: 0px; padding: 0px; vertical-align: baseline; color: rgb(51, 51, 51);\"><font dir=\"auto\" style=\"vertical-align: inherit;\"><font dir=\"auto\" style=\"vertical-align: inherit;\">Esta alianza interinstitucional refuerza el compromiso del Estado con un desarrollo arm\u00f3nico del territorio, integrando infraestructura p\u00fablica, protecci\u00f3n ambiental y mejor calidad de vida para las comunidades de la Regi\u00f3n de O&#8217;Higgins.<\/font><\/font><\/p><p style=\"border: 0px; font-family: system-ui, -apple-system, &quot;Segoe UI&quot;, Roboto, &quot;Helvetica Neue&quot;, Arial, &quot;Noto Sans&quot;, &quot;Liberation Sans&quot;, sans-serif, &quot;Apple Color Emoji&quot;, &quot;Segoe UI Emoji&quot;, &quot;Segoe UI Symbol&quot;, &quot;Noto Color Emoji&quot;; font-size: 16px; margin: 1em 0px; outline: 0px; padding: 0px; vertical-align: baseline; color: rgb(51, 51, 51);\"><font dir=\"auto\" style=\"vertical-align: inherit;\"><font dir=\"auto\" style=\"vertical-align: inherit;\"><br><\/font><\/font><\/p>\n<p style=\"border: 0px; font-family: system-ui, -apple-system, &quot;Segoe UI&quot;, Roboto, &quot;Helvetica Neue&quot;, Arial, &quot;Noto Sans&quot;, &quot;Liberation Sans&quot;, sans-serif, &quot;Apple Color Emoji&quot;, &quot;Segoe UI Emoji&quot;, &quot;Segoe UI Symbol&quot;, &quot;Noto Color Emoji&quot;; font-size: 16px; margin: 1em 0px; outline: 0px; padding: 0px; vertical-align: baseline; color: rgb(51, 51, 51);\"><span style=\"border: 0px; font-family: inherit; font-style: inherit; font-weight: bolder; margin: 0px; outline: 0px; padding: 0px; vertical-align: baseline;\"><font dir=\"auto\" style=\"vertical-align: inherit;\"><font dir=\"auto\" style=\"vertical-align: inherit;\">Alcance del convenio<\/font><\/font><\/span><\/p><p style=\"border: 0px; font-family: system-ui, -apple-system, &quot;Segoe UI&quot;, Roboto, &quot;Helvetica Neue&quot;, Arial, &quot;Noto Sans&quot;, &quot;Liberation Sans&quot;, sans-serif, &quot;Apple Color Emoji&quot;, &quot;Segoe UI Emoji&quot;, &quot;Segoe UI Symbol&quot;, &quot;Noto Color Emoji&quot;; font-size: 16px; margin: 1em 0px; outline: 0px; padding: 0px; vertical-align: baseline; color: rgb(51, 51, 51);\"><font dir=\"auto\" style=\"vertical-align: inherit;\"><font dir=\"auto\" style=\"vertical-align: inherit;\">En el marco de colaboraci\u00f3n esta, la Direcci\u00f3n de Planeamiento del MOP O&#8217;Higgins aportar\u00e1 informaci\u00f3n geoespacial vinculada a proyectos e instrumentos de inversi\u00f3n, adem\u00e1s de integrar una mirada preventiva en la gesti\u00f3n del riesgo clim\u00e1tico. La SEREMIA del Medio Ambiente, en tanto, entregar\u00e1 informaci\u00f3n ambiental actualizada sobre ecosistemas, biodiversidad, humedales y \u00e1reas de valor ecol\u00f3gico, junto con apoyo metodol\u00f3gico en materias de servicios ecosist\u00e9micos y gesti\u00f3n ambiental.<\/font><\/font><\/p><p style=\"border: 0px; font-family: system-ui, -apple-system, &quot;Segoe UI&quot;, Roboto, &quot;Helvetica Neue&quot;, Arial, &quot;Noto Sans&quot;, &quot;Liberation Sans&quot;, sans-serif, &quot;Apple Color Emoji&quot;, &quot;Segoe UI Emoji&quot;, &quot;Segoe UI Symbol&quot;, &quot;Noto Color Emoji&quot;; font-size: 16px; margin: 1em 0px; outline: 0px; padding: 0px; vertical-align: baseline; color: rgb(51, 51, 51);\"><font dir=\"auto\" style=\"vertical-align: inherit;\"><font dir=\"auto\" style=\"vertical-align: inherit;\">El convenio tendr\u00e1 una vigencia de cuatro a\u00f1os, no contempla transferencia de recursos entre las partes y considera una evaluaci\u00f3n conjunta a los dos a\u00f1os de su entrada en vigencia, con el objetivo de revisar avances, resultados y definir su continuidad.<\/font><\/font><\/p><p style=\"border: 0px; font-family: system-ui, -apple-system, &quot;Segoe UI&quot;, Roboto, &quot;Helvetica Neue&quot;, Arial, &quot;Noto Sans&quot;, &quot;Liberation Sans&quot;, sans-serif, &quot;Apple Color Emoji&quot;, &quot;Segoe UI Emoji&quot;, &quot;Segoe UI Symbol&quot;, &quot;Noto Color Emoji&quot;; font-size: 16px; margin: 1em 0px; outline: 0px; padding: 0px; vertical-align: baseline; color: rgb(51, 51, 51);\"><font dir=\"auto\" style=\"vertical-align: inherit;\"><font dir=\"auto\" style=\"vertical-align: inherit;\">Esta alianza interinstitucional refuerza el compromiso del Estado con un desarrollo arm\u00f3nico del territorio, integrando infraestructura p\u00fablica, protecci\u00f3n ambiental y mejor calidad de vida para las comunidades de la Regi\u00f3n de O&#8217;Higgins.<\/font><\/font><\/p><p style=\"border: 0px; font-family: system-ui, -apple-system, &quot;Segoe UI&quot;, Roboto, &quot;Helvetica Neue&quot;, Arial, &quot;Noto Sans&quot;, &quot;Liberation Sans&quot;, sans-serif, &quot;Apple Color Emoji&quot;, &quot;Segoe UI Emoji&quot;, &quot;Segoe UI Symbol&quot;, &quot;Noto Color Emoji&quot;; font-size: 16px; margin: 1em 0px; outline: 0px; padding: 0px; vertical-align: baseline; color: rgb(51, 51, 51);\"><font dir=\"auto\" style=\"vertical-align: inherit;\"><font dir=\"auto\" style=\"vertical-align: inherit;\"><br><\/font><\/font><\/p>\n\n\n\n<h2><div pagelayer-id=\"i4c6072\"><p><br><\/p><h5><br><\/h5><p><font color=\"#474747\"><font dir=\"auto\"><font dir=\"auto\"><font dir=\"auto\"><font dir=\"auto\"><font dir=\"auto\"><font dir=\"auto\"><font dir=\"auto\"><font dir=\"auto\"><font dir=\"auto\"><font dir=\"auto\"><b><font dir=\"auto\"><font dir=\"auto\"><font dir=\"auto\"><font dir=\"auto\"><font dir=\"auto\"><font dir=\"auto\"><br><\/font><\/font><\/font><\/font><\/font><\/font><\/b><\/font><\/font><\/font><\/font><\/font><\/font><\/font><\/font><\/font><\/font><\/font><\/p><p><font color=\"#474747\"><font dir=\"auto\"><font dir=\"auto\"><font dir=\"auto\"><font dir=\"auto\"><font dir=\"auto\"><font dir=\"auto\"><font dir=\"auto\"><font dir=\"auto\"><font dir=\"auto\"><font dir=\"auto\"><b><font dir=\"auto\"><font dir=\"auto\"><font dir=\"auto\"><font dir=\"auto\"><font dir=\"auto\"><font dir=\"auto\"><font dir=\"auto\" style=\"vertical-align: inherit;\"><font dir=\"auto\" style=\"vertical-align: inherit;\">&nbsp; &nbsp;Fuente:<\/font><\/font><\/font><\/font><\/font><\/font><\/font><\/font><\/b><\/font><\/font><\/font><\/font><\/font><\/font><\/font><\/font><\/font><\/font><\/font><font color=\"#474747\"><font dir=\"auto\"><font dir=\"auto\"><font dir=\"auto\" style=\"vertical-align: inherit;\"><font dir=\"auto\" style=\"vertical-align: inherit;\"> https:\/\/mma.gob.cl\/seremi-del-medio-ambiente-y-mop-ohiggins-suscriben-convenio-para-avanzar-en-infraestructura-sostenible\/<\/font><\/font><\/font><\/font><\/font><\/p><div><font color=\"#474747\"><span><font dir=\"auto\"><font dir=\"auto\"><font dir=\"auto\"><font dir=\"auto\"><br><br><\/font><\/font><\/font><\/font><\/span><\/font><\/div><\/div><div pagelayer-id=\"gae7749\"><\/div><\/h2>\n<h2><div pagelayer-id=\"i4c6072\"><p><br><\/p><h5><br><\/h5><p><font color=\"#474747\"><font dir=\"auto\"><font dir=\"auto\"><font dir=\"auto\"><font dir=\"auto\"><font dir=\"auto\"><font dir=\"auto\"><font dir=\"auto\"><font dir=\"auto\"><font dir=\"auto\"><font dir=\"auto\"><b><font dir=\"auto\"><font dir=\"auto\"><font dir=\"auto\"><font dir=\"auto\"><font dir=\"auto\"><font dir=\"auto\"><br><\/font><\/font><\/font><\/font><\/font><\/font><\/b><\/font><\/font><\/font><\/font><\/font><\/font><\/font><\/font><\/font><\/font><\/font><\/p><p><font color=\"#474747\"><font dir=\"auto\"><font dir=\"auto\"><font dir=\"auto\"><font dir=\"auto\"><font dir=\"auto\"><font dir=\"auto\"><font dir=\"auto\"><font dir=\"auto\"><font dir=\"auto\"><font dir=\"auto\"><b><font dir=\"auto\"><font dir=\"auto\"><font dir=\"auto\"><font dir=\"auto\"><font dir=\"auto\"><font dir=\"auto\"><font dir=\"auto\" style=\"vertical-align: inherit;\"><font dir=\"auto\" style=\"vertical-align: inherit;\">&nbsp; &nbsp;Fuente:<\/font><\/font><\/font><\/font><\/font><\/font><\/font><\/font><\/b><\/font><\/font><\/font><\/font><\/font><\/font><\/font><\/font><\/font><\/font><\/font><font color=\"#474747\"><font dir=\"auto\"><font dir=\"auto\"><font dir=\"auto\" style=\"vertical-align: inherit;\"><font dir=\"auto\" style=\"vertical-align: inherit;\"> https:\/\/mma.gob.cl\/seremi-del-medio-ambiente-y-mop-ohiggins-suscriben-convenio-para-avanzar-en-infraestructura-sostenible\/<\/font><\/font><\/font><\/font><\/font><\/p><div><font color=\"#474747\"><span><font dir=\"auto\"><font dir=\"auto\"><font dir=\"auto\"><font dir=\"auto\"><br><br><\/font><\/font><\/font><\/font><\/span><\/font><\/div><\/div><div pagelayer-id=\"gae7749\"><\/div><\/h2>","protected":false},"excerpt":{"rendered":"","protected":false},"author":1,"featured_media":0,"parent":0,"menu_order":0,"comment_status":"closed","ping_status":"closed","template":"","meta":{"footnotes":""},"class_list":["post-1253","page","type-page","status-publish","hentry"],"_links":{"self":[{"href":"https:\/\/ltec.cl\/site\/en\/wp-json\/wp\/v2\/pages\/1253","targetHints":{"allow":["GET"]}}],"collection":[{"href":"https:\/\/ltec.cl\/site\/en\/wp-json\/wp\/v2\/pages"}],"about":[{"href":"https:\/\/ltec.cl\/site\/en\/wp-json\/wp\/v2\/types\/page"}],"author":[{"embeddable":true,"href":"https:\/\/ltec.cl\/site\/en\/wp-json\/wp\/v2\/users\/1"}],"replies":[{"embeddable":true,"href":"https:\/\/ltec.cl\/site\/en\/wp-json\/wp\/v2\/comments?post=1253"}],"version-history":[{"count":14,"href":"https:\/\/ltec.cl\/site\/en\/wp-json\/wp\/v2\/pages\/1253\/revisions"}],"predecessor-version":[{"id":1335,"href":"https:\/\/ltec.cl\/site\/en\/wp-json\/wp\/v2\/pages\/1253\/revisions\/1335"}],"wp:attachment":[{"href":"https:\/\/ltec.cl\/site\/en\/wp-json\/wp\/v2\/media?parent=1253"}],"curies":[{"name":"wp","href":"https:\/\/api.w.org\/{rel}","templated":true}]}}